{"version":"1.0","provider_name":"Motocross - Enduro - Supermoto | MotocrossMag","provider_url":"https:\/\/fr.motocrossmag.be","title":"Galerie photos | GP du Br\u00e9sil: premi\u00e8res photos - Motocross - Enduro - Supermoto | MotocrossMag","type":"rich","width":600,"height":338,"html":"<blockquote class=\"wp-embedded-content\" data-secret=\"kWRVOtykRo\"><a href=\"https:\/\/fr.motocrossmag.be\/index.php\/2012\/05\/galerie-photos-gp-du-bresil-premieres-photos\/\">Galerie photos | GP du Br\u00e9sil: premi\u00e8res photos<\/a><\/blockquote><iframe sandbox=\"allow-scripts\" security=\"restricted\" src=\"https:\/\/fr.motocrossmag.be\/index.php\/2012\/05\/galerie-photos-gp-du-bresil-premieres-photos\/embed\/#?secret=kWRVOtykRo\" width=\"600\" height=\"338\" title=\"\u00ab\u00a0Galerie photos | GP du Br\u00e9sil: premi\u00e8res photos\u00a0\u00bb &#8212; Motocross - Enduro - Supermoto | MotocrossMag\" data-secret=\"kWRVOtykRo\" frameborder=\"0\" marginwidth=\"0\" marginheight=\"0\" scrolling=\"no\" class=\"wp-embedded-content\"><\/iframe><script>\n\/*! This file is auto-generated *\/\n!function(d,l){\"use strict\";l.querySelector&&d.addEventListener&&\"undefined\"!=typeof URL&&(d.wp=d.wp||{},d.wp.receiveEmbedMessage||(d.wp.receiveEmbedMessage=function(e){var t=e.data;if((t||t.secret||t.message||t.value)&&!\/[^a-zA-Z0-9]\/.test(t.secret)){for(var s,r,n,a=l.querySelectorAll('iframe[data-secret=\"'+t.secret+'\"]'),o=l.querySelectorAll('blockquote[data-secret=\"'+t.secret+'\"]'),c=new RegExp(\"^https?:$\",\"i\"),i=0;i<o.length;i++)o[i].style.display=\"none\";for(i=0;i<a.length;i++)s=a[i],e.source===s.contentWindow&&(s.removeAttribute(\"style\"),\"height\"===t.message?(1e3<(r=parseInt(t.value,10))?r=1e3:~~r<200&&(r=200),s.height=r):\"link\"===t.message&&(r=new URL(s.getAttribute(\"src\")),n=new URL(t.value),c.test(n.protocol))&&n.host===r.host&&l.activeElement===s&&(d.top.location.href=t.value))}},d.addEventListener(\"message\",d.wp.receiveEmbedMessage,!1),l.addEventListener(\"DOMContentLoaded\",function(){for(var e,t,s=l.querySelectorAll(\"iframe.wp-embedded-content\"),r=0;r<s.length;r++)(t=(e=s[r]).getAttribute(\"data-secret\"))||(t=Math.random().toString(36).substring(2,12),e.src+=\"#?secret=\"+t,e.setAttribute(\"data-secret\",t)),e.contentWindow.postMessage({message:\"ready\",secret:t},\"*\")},!1)))}(window,document);\n\/\/# sourceURL=https:\/\/fr.motocrossmag.be\/wp-includes\/js\/wp-embed.min.js\n<\/script>\n","description":"A l&rsquo;issue de la premi\u00e8re journ\u00e9e du GP du Br\u00e9sil, voici une premi\u00e8re galerie de photos que nous offre notre photographe Bavo Swijgers. Sous le soleil br\u00e9silien, on retrouve les pilotes dans un parc d&rsquo;attractions tout proche du circuit de Beto Carrero\u00a0avant de les voir en action ce samedi apr\u00e8s-midi \u00e0\u00a0 l&rsquo;occasion des manches qualificatives. [&hellip;]","thumbnail_url":"http:\/\/nl.motocrossmag.be\/wp-content\/gallery\/braz_vr\/thumbs\/thumbs_anstie_dsc5986-72dpi.jpg"}