{"version":"1.0","provider_name":"Motocross - Enduro - Supermoto | MotocrossMag","provider_url":"https:\/\/fr.motocrossmag.be","title":"Galerie photos | Photos: motocross AMPL \u00e0\u00a0 W\u00e9ris - Motocross - Enduro - Supermoto | MotocrossMag","type":"rich","width":600,"height":338,"html":"<blockquote class=\"wp-embedded-content\" data-secret=\"eS5iHNB8mZ\"><a href=\"https:\/\/fr.motocrossmag.be\/index.php\/2012\/07\/galerie-photos-photos-motocross-ampl-a-weris\/\">Galerie photos | Photos: motocross AMPL \u00e0\u00a0 W\u00e9ris<\/a><\/blockquote><iframe sandbox=\"allow-scripts\" security=\"restricted\" src=\"https:\/\/fr.motocrossmag.be\/index.php\/2012\/07\/galerie-photos-photos-motocross-ampl-a-weris\/embed\/#?secret=eS5iHNB8mZ\" width=\"600\" height=\"338\" title=\"\u00ab\u00a0Galerie photos | Photos: motocross AMPL \u00e0\u00a0 W\u00e9ris\u00a0\u00bb &#8212; Motocross - Enduro - Supermoto | MotocrossMag\" data-secret=\"eS5iHNB8mZ\" frameborder=\"0\" marginwidth=\"0\" marginheight=\"0\" scrolling=\"no\" class=\"wp-embedded-content\"><\/iframe><script>\n\/*! This file is auto-generated *\/\n!function(d,l){\"use strict\";l.querySelector&&d.addEventListener&&\"undefined\"!=typeof URL&&(d.wp=d.wp||{},d.wp.receiveEmbedMessage||(d.wp.receiveEmbedMessage=function(e){var t=e.data;if((t||t.secret||t.message||t.value)&&!\/[^a-zA-Z0-9]\/.test(t.secret)){for(var s,r,n,a=l.querySelectorAll('iframe[data-secret=\"'+t.secret+'\"]'),o=l.querySelectorAll('blockquote[data-secret=\"'+t.secret+'\"]'),c=new RegExp(\"^https?:$\",\"i\"),i=0;i<o.length;i++)o[i].style.display=\"none\";for(i=0;i<a.length;i++)s=a[i],e.source===s.contentWindow&&(s.removeAttribute(\"style\"),\"height\"===t.message?(1e3<(r=parseInt(t.value,10))?r=1e3:~~r<200&&(r=200),s.height=r):\"link\"===t.message&&(r=new URL(s.getAttribute(\"src\")),n=new URL(t.value),c.test(n.protocol))&&n.host===r.host&&l.activeElement===s&&(d.top.location.href=t.value))}},d.addEventListener(\"message\",d.wp.receiveEmbedMessage,!1),l.addEventListener(\"DOMContentLoaded\",function(){for(var e,t,s=l.querySelectorAll(\"iframe.wp-embedded-content\"),r=0;r<s.length;r++)(t=(e=s[r]).getAttribute(\"data-secret\"))||(t=Math.random().toString(36).substring(2,12),e.src+=\"#?secret=\"+t,e.setAttribute(\"data-secret\",t)),e.contentWindow.postMessage({message:\"ready\",secret:t},\"*\")},!1)))}(window,document);\n\/\/# sourceURL=https:\/\/fr.motocrossmag.be\/wp-includes\/js\/wp-embed.min.js\n<\/script>\n","description":"Apr\u00e8s quelques semaines d&rsquo;interruption et l&rsquo;annulation de l&rsquo;\u00e9preuve d&rsquo;Ebly, les pilotes AMPL \u00e9taient impatients de reprendre la piste. Ils \u00e9taient d&rsquo;ailleurs pr\u00e8s de 500 \u00e0\u00a0 avoir fait le d\u00e9placement pour disputer sur le circuit de W\u00e9ris la 6\u00e8me manche du championnat AMPL. Pilotes, public et soleil, tous les ingr\u00e9dients \u00e9taient donc au rendez-vous ce dimanche [&hellip;]","thumbnail_url":"http:\/\/fr.motocrossmag.be\/wp-content\/uploads\/2012\/07\/weris_15-150x150.jpg"}