{"version":"1.0","provider_name":"Motocross - Enduro - Supermoto | MotocrossMag","provider_url":"https:\/\/fr.motocrossmag.be","title":"Supercross | SX europ\u00e9en: G\u00eanes avant Bercy - Motocross - Enduro - Supermoto | MotocrossMag","type":"rich","width":600,"height":338,"html":"<blockquote class=\"wp-embedded-content\" data-secret=\"I3cGqmNgcz\"><a href=\"https:\/\/fr.motocrossmag.be\/index.php\/2013\/10\/supercross-sx-europeen-genes-avant-bercy\/\">Supercross | SX europ\u00e9en: G\u00eanes avant Bercy<\/a><\/blockquote><iframe sandbox=\"allow-scripts\" security=\"restricted\" src=\"https:\/\/fr.motocrossmag.be\/index.php\/2013\/10\/supercross-sx-europeen-genes-avant-bercy\/embed\/#?secret=I3cGqmNgcz\" width=\"600\" height=\"338\" title=\"\u00ab\u00a0Supercross | SX europ\u00e9en: G\u00eanes avant Bercy\u00a0\u00bb &#8212; Motocross - Enduro - Supermoto | MotocrossMag\" data-secret=\"I3cGqmNgcz\" frameborder=\"0\" marginwidth=\"0\" marginheight=\"0\" scrolling=\"no\" class=\"wp-embedded-content\"><\/iframe><script>\n\/*! This file is auto-generated *\/\n!function(d,l){\"use strict\";l.querySelector&&d.addEventListener&&\"undefined\"!=typeof URL&&(d.wp=d.wp||{},d.wp.receiveEmbedMessage||(d.wp.receiveEmbedMessage=function(e){var t=e.data;if((t||t.secret||t.message||t.value)&&!\/[^a-zA-Z0-9]\/.test(t.secret)){for(var s,r,n,a=l.querySelectorAll('iframe[data-secret=\"'+t.secret+'\"]'),o=l.querySelectorAll('blockquote[data-secret=\"'+t.secret+'\"]'),c=new RegExp(\"^https?:$\",\"i\"),i=0;i<o.length;i++)o[i].style.display=\"none\";for(i=0;i<a.length;i++)s=a[i],e.source===s.contentWindow&&(s.removeAttribute(\"style\"),\"height\"===t.message?(1e3<(r=parseInt(t.value,10))?r=1e3:~~r<200&&(r=200),s.height=r):\"link\"===t.message&&(r=new URL(s.getAttribute(\"src\")),n=new URL(t.value),c.test(n.protocol))&&n.host===r.host&&l.activeElement===s&&(d.top.location.href=t.value))}},d.addEventListener(\"message\",d.wp.receiveEmbedMessage,!1),l.addEventListener(\"DOMContentLoaded\",function(){for(var e,t,s=l.querySelectorAll(\"iframe.wp-embedded-content\"),r=0;r<s.length;r++)(t=(e=s[r]).getAttribute(\"data-secret\"))||(t=Math.random().toString(36).substring(2,12),e.src+=\"#?secret=\"+t,e.setAttribute(\"data-secret\",t)),e.contentWindow.postMessage({message:\"ready\",secret:t},\"*\")},!1)))}(window,document);\n\/\/# sourceURL=https:\/\/fr.motocrossmag.be\/wp-includes\/js\/wp-embed.min.js\n<\/script>\n","description":"L&rsquo;un des \u00e9v\u00e8nements majeurs de l&rsquo;entre-saisons en Europe, le Supercoss\u00a0de G\u00eanes, en Italie,\u00a0se d\u00e9roule ce week-end et accueillera comme chaque ann\u00e9e un plateau de qualit\u00e9 avec des pilotes am\u00e9ricains (Justin Barcia, Trey Canard, Will Hahn) mais aussi des sp\u00e9cialistes europ\u00e9ens tels que Gregory Aranda, C\u00e9dric Soubeyras, Angelo Pellegrini et Fabien Izoird. Le premier duel entre [&hellip;]"}