{"version":"1.0","provider_name":"Motocross - Enduro - Supermoto | MotocrossMag","provider_url":"https:\/\/fr.motocrossmag.be","title":"Les KTM EXC \"Factory Edition\" arrivent ! - Motocross - Enduro - Supermoto | MotocrossMag","type":"rich","width":600,"height":338,"html":"<blockquote class=\"wp-embedded-content\" data-secret=\"3IDxybQm5N\"><a href=\"https:\/\/fr.motocrossmag.be\/index.php\/2014\/11\/les-ktm-exc-factory-edition-arrivent\/\">Les KTM EXC \u00ab\u00a0Factory Edition\u00a0\u00bb arrivent !<\/a><\/blockquote><iframe sandbox=\"allow-scripts\" security=\"restricted\" src=\"https:\/\/fr.motocrossmag.be\/index.php\/2014\/11\/les-ktm-exc-factory-edition-arrivent\/embed\/#?secret=3IDxybQm5N\" width=\"600\" height=\"338\" title=\"\u00ab\u00a0Les KTM EXC \u00ab\u00a0Factory Edition\u00a0\u00bb arrivent !\u00a0\u00bb &#8212; Motocross - Enduro - Supermoto | MotocrossMag\" data-secret=\"3IDxybQm5N\" frameborder=\"0\" marginwidth=\"0\" marginheight=\"0\" scrolling=\"no\" class=\"wp-embedded-content\"><\/iframe><script>\n\/*! This file is auto-generated *\/\n!function(d,l){\"use strict\";l.querySelector&&d.addEventListener&&\"undefined\"!=typeof URL&&(d.wp=d.wp||{},d.wp.receiveEmbedMessage||(d.wp.receiveEmbedMessage=function(e){var t=e.data;if((t||t.secret||t.message||t.value)&&!\/[^a-zA-Z0-9]\/.test(t.secret)){for(var s,r,n,a=l.querySelectorAll('iframe[data-secret=\"'+t.secret+'\"]'),o=l.querySelectorAll('blockquote[data-secret=\"'+t.secret+'\"]'),c=new RegExp(\"^https?:$\",\"i\"),i=0;i<o.length;i++)o[i].style.display=\"none\";for(i=0;i<a.length;i++)s=a[i],e.source===s.contentWindow&&(s.removeAttribute(\"style\"),\"height\"===t.message?(1e3<(r=parseInt(t.value,10))?r=1e3:~~r<200&&(r=200),s.height=r):\"link\"===t.message&&(r=new URL(s.getAttribute(\"src\")),n=new URL(t.value),c.test(n.protocol))&&n.host===r.host&&l.activeElement===s&&(d.top.location.href=t.value))}},d.addEventListener(\"message\",d.wp.receiveEmbedMessage,!1),l.addEventListener(\"DOMContentLoaded\",function(){for(var e,t,s=l.querySelectorAll(\"iframe.wp-embedded-content\"),r=0;r<s.length;r++)(t=(e=s[r]).getAttribute(\"data-secret\"))||(t=Math.random().toString(36).substring(2,12),e.src+=\"#?secret=\"+t,e.setAttribute(\"data-secret\",t)),e.contentWindow.postMessage({message:\"ready\",secret:t},\"*\")},!1)))}(window,document);\n\/\/# sourceURL=https:\/\/fr.motocrossmag.be\/wp-includes\/js\/wp-embed.min.js\n<\/script>\n","thumbnail_url":"https:\/\/fr.motocrossmag.be\/wp-content\/uploads\/2014\/11\/ktm_exc_factory_2015.jpg","thumbnail_width":900,"thumbnail_height":570,"description":"Elles arrivent chez votre dealer KTM ! Elles, ce sont les KTM enduro \u00ab\u00a0Factory Edition\u00a0\u00bb, des EXC arm\u00e9es jusqu&rsquo;aux dents, pr\u00eates \u00e0 prendre le d\u00e9part des courses les plus exigentes. Une mani\u00e8re pour la marque autrichienne de cl\u00f4turer une saison 2014 \u00e0 nouveau riche en succ\u00e8s \u00e0 tous les niveaux de la discipline, couronn\u00e9e par [&hellip;]"}