{"version":"1.0","provider_name":"Motocross - Enduro - Supermoto | MotocrossMag","provider_url":"https:\/\/fr.motocrossmag.be","title":"Nouveau \u00e0 Mettet: les Trackdays Supermoto - Motocross - Enduro - Supermoto | MotocrossMag","type":"rich","width":600,"height":338,"html":"<blockquote class=\"wp-embedded-content\" data-secret=\"dKtLye9xve\"><a href=\"https:\/\/fr.motocrossmag.be\/index.php\/2014\/11\/nouveau-a-mettet-les-trackdays-supermoto\/\">Nouveau \u00e0 Mettet: les Trackdays Supermoto<\/a><\/blockquote><iframe sandbox=\"allow-scripts\" security=\"restricted\" src=\"https:\/\/fr.motocrossmag.be\/index.php\/2014\/11\/nouveau-a-mettet-les-trackdays-supermoto\/embed\/#?secret=dKtLye9xve\" width=\"600\" height=\"338\" title=\"\u00ab\u00a0Nouveau \u00e0 Mettet: les Trackdays Supermoto\u00a0\u00bb &#8212; Motocross - Enduro - Supermoto | MotocrossMag\" data-secret=\"dKtLye9xve\" frameborder=\"0\" marginwidth=\"0\" marginheight=\"0\" scrolling=\"no\" class=\"wp-embedded-content\"><\/iframe><script>\n\/*! This file is auto-generated *\/\n!function(d,l){\"use strict\";l.querySelector&&d.addEventListener&&\"undefined\"!=typeof URL&&(d.wp=d.wp||{},d.wp.receiveEmbedMessage||(d.wp.receiveEmbedMessage=function(e){var t=e.data;if((t||t.secret||t.message||t.value)&&!\/[^a-zA-Z0-9]\/.test(t.secret)){for(var s,r,n,a=l.querySelectorAll('iframe[data-secret=\"'+t.secret+'\"]'),o=l.querySelectorAll('blockquote[data-secret=\"'+t.secret+'\"]'),c=new RegExp(\"^https?:$\",\"i\"),i=0;i<o.length;i++)o[i].style.display=\"none\";for(i=0;i<a.length;i++)s=a[i],e.source===s.contentWindow&&(s.removeAttribute(\"style\"),\"height\"===t.message?(1e3<(r=parseInt(t.value,10))?r=1e3:~~r<200&&(r=200),s.height=r):\"link\"===t.message&&(r=new URL(s.getAttribute(\"src\")),n=new URL(t.value),c.test(n.protocol))&&n.host===r.host&&l.activeElement===s&&(d.top.location.href=t.value))}},d.addEventListener(\"message\",d.wp.receiveEmbedMessage,!1),l.addEventListener(\"DOMContentLoaded\",function(){for(var e,t,s=l.querySelectorAll(\"iframe.wp-embedded-content\"),r=0;r<s.length;r++)(t=(e=s[r]).getAttribute(\"data-secret\"))||(t=Math.random().toString(36).substring(2,12),e.src+=\"#?secret=\"+t,e.setAttribute(\"data-secret\",t)),e.contentWindow.postMessage({message:\"ready\",secret:t},\"*\")},!1)))}(window,document);\n\/\/# sourceURL=https:\/\/fr.motocrossmag.be\/wp-includes\/js\/wp-embed.min.js\n<\/script>\n","thumbnail_url":"https:\/\/fr.motocrossmag.be\/wp-content\/uploads\/2014\/11\/trackdays_mettet.jpg","thumbnail_width":650,"thumbnail_height":403,"description":"Depuis la cr\u00e9ation du Superbiker, l\u2019histoire du Supermoto et celle du circuit Jules Tacheny \u00e0 Mettet sont intimement li\u00e9es. Afin de r\u00e9pondre aux demandes de nombreux pilotes, le Royal Union Entre Sambre-et-Meuse\u00a0 innove: il lance les Trackdays Supermoto! \u00c9tablis sur la base des Trackdays \u00ab Vitesse \u00bb organis\u00e9s sur le circuit de Mettet, ces Trackdays [&hellip;]"}