{"version":"1.0","provider_name":"Motocross - Enduro - Supermoto | MotocrossMag","provider_url":"https:\/\/fr.motocrossmag.be","title":"Vid\u00e9o: la Coupe de l'Avenir 2015 - Motocross - Enduro - Supermoto | MotocrossMag","type":"rich","width":600,"height":338,"html":"<blockquote class=\"wp-embedded-content\" data-secret=\"eD8tNLt8pR\"><a href=\"https:\/\/fr.motocrossmag.be\/index.php\/2015\/10\/video-la-coupe-de-lavenir-2015\/\">Vid\u00e9o: la Coupe de l&rsquo;Avenir 2015<\/a><\/blockquote><iframe sandbox=\"allow-scripts\" security=\"restricted\" src=\"https:\/\/fr.motocrossmag.be\/index.php\/2015\/10\/video-la-coupe-de-lavenir-2015\/embed\/#?secret=eD8tNLt8pR\" width=\"600\" height=\"338\" title=\"\u00ab\u00a0Vid\u00e9o: la Coupe de l&rsquo;Avenir 2015\u00a0\u00bb &#8212; Motocross - Enduro - Supermoto | MotocrossMag\" data-secret=\"eD8tNLt8pR\" frameborder=\"0\" marginwidth=\"0\" marginheight=\"0\" scrolling=\"no\" class=\"wp-embedded-content\"><\/iframe><script>\n\/*! This file is auto-generated *\/\n!function(d,l){\"use strict\";l.querySelector&&d.addEventListener&&\"undefined\"!=typeof URL&&(d.wp=d.wp||{},d.wp.receiveEmbedMessage||(d.wp.receiveEmbedMessage=function(e){var t=e.data;if((t||t.secret||t.message||t.value)&&!\/[^a-zA-Z0-9]\/.test(t.secret)){for(var s,r,n,a=l.querySelectorAll('iframe[data-secret=\"'+t.secret+'\"]'),o=l.querySelectorAll('blockquote[data-secret=\"'+t.secret+'\"]'),c=new RegExp(\"^https?:$\",\"i\"),i=0;i<o.length;i++)o[i].style.display=\"none\";for(i=0;i<a.length;i++)s=a[i],e.source===s.contentWindow&&(s.removeAttribute(\"style\"),\"height\"===t.message?(1e3<(r=parseInt(t.value,10))?r=1e3:~~r<200&&(r=200),s.height=r):\"link\"===t.message&&(r=new URL(s.getAttribute(\"src\")),n=new URL(t.value),c.test(n.protocol))&&n.host===r.host&&l.activeElement===s&&(d.top.location.href=t.value))}},d.addEventListener(\"message\",d.wp.receiveEmbedMessage,!1),l.addEventListener(\"DOMContentLoaded\",function(){for(var e,t,s=l.querySelectorAll(\"iframe.wp-embedded-content\"),r=0;r<s.length;r++)(t=(e=s[r]).getAttribute(\"data-secret\"))||(t=Math.random().toString(36).substring(2,12),e.src+=\"#?secret=\"+t,e.setAttribute(\"data-secret\",t)),e.contentWindow.postMessage({message:\"ready\",secret:t},\"*\")},!1)))}(window,document);\n\/\/# sourceURL=https:\/\/fr.motocrossmag.be\/wp-includes\/js\/wp-embed.min.js\n<\/script>\n","thumbnail_url":"https:\/\/fr.motocrossmag.be\/wp-content\/uploads\/2015\/10\/coupe_de_laveni2015_team_belgium.jpg","thumbnail_width":650,"thumbnail_height":433,"description":"La Belgique a remport\u00e9 le week-end pass\u00e9 la 44\u00e8me \u00e9dition de la Coupe de l&rsquo;Avenir, disput\u00e9e sur le circuit de Baisieux, dans la commune de Qui\u00e9vrain. Revivez ce \u00ab\u00a0Motocross des Nations pour les pilotes de moins de 21 ans\u00a0\u00bb avec le magazine consacr\u00e9 par la RTBF \u00e0 une \u00e9preuve dont le prestigieux palmar\u00e8s fait la [&hellip;]"}