{"version":"1.0","provider_name":"Motocross - Enduro - Supermoto | MotocrossMag","provider_url":"https:\/\/fr.motocrossmag.be","title":"Dylan Mayn\u00e9, les yeux riv\u00e9s sur 2017 - Motocross - Enduro - Supermoto | MotocrossMag","type":"rich","width":600,"height":338,"html":"<blockquote class=\"wp-embedded-content\" data-secret=\"nZX2pDeQIL\"><a href=\"https:\/\/fr.motocrossmag.be\/index.php\/2016\/11\/dylan-mayne-les-yeux-rives-sur-2017\/\">Dylan Mayn\u00e9, les yeux riv\u00e9s sur 2017<\/a><\/blockquote><iframe sandbox=\"allow-scripts\" security=\"restricted\" src=\"https:\/\/fr.motocrossmag.be\/index.php\/2016\/11\/dylan-mayne-les-yeux-rives-sur-2017\/embed\/#?secret=nZX2pDeQIL\" width=\"600\" height=\"338\" title=\"\u00ab\u00a0Dylan Mayn\u00e9, les yeux riv\u00e9s sur 2017\u00a0\u00bb &#8212; Motocross - Enduro - Supermoto | MotocrossMag\" data-secret=\"nZX2pDeQIL\" frameborder=\"0\" marginwidth=\"0\" marginheight=\"0\" scrolling=\"no\" class=\"wp-embedded-content\"><\/iframe><script>\n\/*! This file is auto-generated *\/\n!function(d,l){\"use strict\";l.querySelector&&d.addEventListener&&\"undefined\"!=typeof URL&&(d.wp=d.wp||{},d.wp.receiveEmbedMessage||(d.wp.receiveEmbedMessage=function(e){var t=e.data;if((t||t.secret||t.message||t.value)&&!\/[^a-zA-Z0-9]\/.test(t.secret)){for(var s,r,n,a=l.querySelectorAll('iframe[data-secret=\"'+t.secret+'\"]'),o=l.querySelectorAll('blockquote[data-secret=\"'+t.secret+'\"]'),c=new RegExp(\"^https?:$\",\"i\"),i=0;i<o.length;i++)o[i].style.display=\"none\";for(i=0;i<a.length;i++)s=a[i],e.source===s.contentWindow&&(s.removeAttribute(\"style\"),\"height\"===t.message?(1e3<(r=parseInt(t.value,10))?r=1e3:~~r<200&&(r=200),s.height=r):\"link\"===t.message&&(r=new URL(s.getAttribute(\"src\")),n=new URL(t.value),c.test(n.protocol))&&n.host===r.host&&l.activeElement===s&&(d.top.location.href=t.value))}},d.addEventListener(\"message\",d.wp.receiveEmbedMessage,!1),l.addEventListener(\"DOMContentLoaded\",function(){for(var e,t,s=l.querySelectorAll(\"iframe.wp-embedded-content\"),r=0;r<s.length;r++)(t=(e=s[r]).getAttribute(\"data-secret\"))||(t=Math.random().toString(36).substring(2,12),e.src+=\"#?secret=\"+t,e.setAttribute(\"data-secret\",t)),e.contentWindow.postMessage({message:\"ready\",secret:t},\"*\")},!1)))}(window,document);\n\/\/# sourceURL=https:\/\/fr.motocrossmag.be\/wp-includes\/js\/wp-embed.min.js\n<\/script>\n","thumbnail_url":"https:\/\/fr.motocrossmag.be\/wp-content\/uploads\/2016\/11\/mayne_dylan_portrait.jpg","thumbnail_width":1400,"thumbnail_height":945,"description":"Dylan Mayn\u00e9 attend beaucoup de la saison 2017. Apr\u00e8s une ann\u00e9e 2016 contrari\u00e9e par des blessures, le Braban\u00e7on pr\u00e9pare avec Patrick Caps une saison sur le championnat de Belgique Nationaux MX2 durant laquelle il esp\u00e8re pouvoir jouer les premiers r\u00f4les. Avant cela, c&rsquo;est aussi l&rsquo;Enduropale du Touquet qui attend Dylan. Une \u00e9preuve prestigieuse o\u00f9 il [&hellip;]"}