{"version":"1.0","provider_name":"Motocross - Enduro - Supermoto | MotocrossMag","provider_url":"https:\/\/fr.motocrossmag.be","title":"MX des Nations : le team fran\u00e7ais officialis\u00e9 - Motocross - Enduro - Supermoto | MotocrossMag","type":"rich","width":600,"height":338,"html":"<blockquote class=\"wp-embedded-content\" data-secret=\"rpbdOKLeoS\"><a href=\"https:\/\/fr.motocrossmag.be\/index.php\/2017\/08\/mx-des-nations-le-team-francais-est-connu\/\">MX des Nations : le team fran\u00e7ais officialis\u00e9<\/a><\/blockquote><iframe sandbox=\"allow-scripts\" security=\"restricted\" src=\"https:\/\/fr.motocrossmag.be\/index.php\/2017\/08\/mx-des-nations-le-team-francais-est-connu\/embed\/#?secret=rpbdOKLeoS\" width=\"600\" height=\"338\" title=\"\u00ab\u00a0MX des Nations : le team fran\u00e7ais officialis\u00e9\u00a0\u00bb &#8212; Motocross - Enduro - Supermoto | MotocrossMag\" data-secret=\"rpbdOKLeoS\" frameborder=\"0\" marginwidth=\"0\" marginheight=\"0\" scrolling=\"no\" class=\"wp-embedded-content\"><\/iframe><script>\n\/*! This file is auto-generated *\/\n!function(d,l){\"use strict\";l.querySelector&&d.addEventListener&&\"undefined\"!=typeof URL&&(d.wp=d.wp||{},d.wp.receiveEmbedMessage||(d.wp.receiveEmbedMessage=function(e){var t=e.data;if((t||t.secret||t.message||t.value)&&!\/[^a-zA-Z0-9]\/.test(t.secret)){for(var s,r,n,a=l.querySelectorAll('iframe[data-secret=\"'+t.secret+'\"]'),o=l.querySelectorAll('blockquote[data-secret=\"'+t.secret+'\"]'),c=new RegExp(\"^https?:$\",\"i\"),i=0;i<o.length;i++)o[i].style.display=\"none\";for(i=0;i<a.length;i++)s=a[i],e.source===s.contentWindow&&(s.removeAttribute(\"style\"),\"height\"===t.message?(1e3<(r=parseInt(t.value,10))?r=1e3:~~r<200&&(r=200),s.height=r):\"link\"===t.message&&(r=new URL(s.getAttribute(\"src\")),n=new URL(t.value),c.test(n.protocol))&&n.host===r.host&&l.activeElement===s&&(d.top.location.href=t.value))}},d.addEventListener(\"message\",d.wp.receiveEmbedMessage,!1),l.addEventListener(\"DOMContentLoaded\",function(){for(var e,t,s=l.querySelectorAll(\"iframe.wp-embedded-content\"),r=0;r<s.length;r++)(t=(e=s[r]).getAttribute(\"data-secret\"))||(t=Math.random().toString(36).substring(2,12),e.src+=\"#?secret=\"+t,e.setAttribute(\"data-secret\",t)),e.contentWindow.postMessage({message:\"ready\",secret:t},\"*\")},!1)))}(window,document);\n\/\/# sourceURL=https:\/\/fr.motocrossmag.be\/wp-includes\/js\/wp-embed.min.js\n<\/script>\n","thumbnail_url":"https:\/\/fr.motocrossmag.be\/wp-content\/uploads\/2016\/10\/MXDN_Maggiora_2016_MCH21655.jpg","thumbnail_width":1400,"thumbnail_height":933,"description":"La f\u00e9d\u00e9ration fran\u00e7aise de motocyclisme (FFM) vient de d\u00e9voiler la composition de son \u00e9quipe pour le prochain Motocross des Nations, les 30 septembre et 1er octobre prochains \u00e0 Matterley Basin. Vainqueurs des 3 derni\u00e8res \u00e9ditions de la prestigieuse \u00e9preuve, les Fran\u00e7ais compteront cette ann\u00e9e sur Gautier Paulin (MXGP), Romain F\u00e8bvre (Open) et Dylan Ferrandis (MX2) [&hellip;]"}