{"version":"1.0","provider_name":"Motocross - Enduro - Supermoto | MotocrossMag","provider_url":"https:\/\/fr.motocrossmag.be","title":"AMPL : David Foguenne s'impose \u00e0 Vaux-sur-S\u00fbre - Motocross - Enduro - Supermoto | MotocrossMag","type":"rich","width":600,"height":338,"html":"<blockquote class=\"wp-embedded-content\" data-secret=\"uKXjCJIzLM\"><a href=\"https:\/\/fr.motocrossmag.be\/index.php\/2019\/05\/ampl-david-foguenne-simpose-a-vaux-sur-sure\/\">AMPL : David Foguenne s&rsquo;impose \u00e0 Vaux-sur-S\u00fbre<\/a><\/blockquote><iframe sandbox=\"allow-scripts\" security=\"restricted\" src=\"https:\/\/fr.motocrossmag.be\/index.php\/2019\/05\/ampl-david-foguenne-simpose-a-vaux-sur-sure\/embed\/#?secret=uKXjCJIzLM\" width=\"600\" height=\"338\" title=\"\u00ab\u00a0AMPL : David Foguenne s&rsquo;impose \u00e0 Vaux-sur-S\u00fbre\u00a0\u00bb &#8212; Motocross - Enduro - Supermoto | MotocrossMag\" data-secret=\"uKXjCJIzLM\" frameborder=\"0\" marginwidth=\"0\" marginheight=\"0\" scrolling=\"no\" class=\"wp-embedded-content\"><\/iframe><script>\n\/*! This file is auto-generated *\/\n!function(d,l){\"use strict\";l.querySelector&&d.addEventListener&&\"undefined\"!=typeof URL&&(d.wp=d.wp||{},d.wp.receiveEmbedMessage||(d.wp.receiveEmbedMessage=function(e){var t=e.data;if((t||t.secret||t.message||t.value)&&!\/[^a-zA-Z0-9]\/.test(t.secret)){for(var s,r,n,a=l.querySelectorAll('iframe[data-secret=\"'+t.secret+'\"]'),o=l.querySelectorAll('blockquote[data-secret=\"'+t.secret+'\"]'),c=new RegExp(\"^https?:$\",\"i\"),i=0;i<o.length;i++)o[i].style.display=\"none\";for(i=0;i<a.length;i++)s=a[i],e.source===s.contentWindow&&(s.removeAttribute(\"style\"),\"height\"===t.message?(1e3<(r=parseInt(t.value,10))?r=1e3:~~r<200&&(r=200),s.height=r):\"link\"===t.message&&(r=new URL(s.getAttribute(\"src\")),n=new URL(t.value),c.test(n.protocol))&&n.host===r.host&&l.activeElement===s&&(d.top.location.href=t.value))}},d.addEventListener(\"message\",d.wp.receiveEmbedMessage,!1),l.addEventListener(\"DOMContentLoaded\",function(){for(var e,t,s=l.querySelectorAll(\"iframe.wp-embedded-content\"),r=0;r<s.length;r++)(t=(e=s[r]).getAttribute(\"data-secret\"))||(t=Math.random().toString(36).substring(2,12),e.src+=\"#?secret=\"+t,e.setAttribute(\"data-secret\",t)),e.contentWindow.postMessage({message:\"ready\",secret:t},\"*\")},!1)))}(window,document);\n\/\/# sourceURL=https:\/\/fr.motocrossmag.be\/wp-includes\/js\/wp-embed.min.js\n<\/script>\n","thumbnail_url":"https:\/\/fr.motocrossmag.be\/wp-content\/uploads\/2019\/05\/vaux-ampl-foguenne-david.jpg","thumbnail_width":1000,"thumbnail_height":666,"description":"La 8\u00e8me \u00e9preuve comptant pour le championnat AMPL s&rsquo;est disput\u00e9e ce week-end sur le circuit de Vaux-sur-S\u00fbre. Les courses se sont d\u00e9roul\u00e9es entre nuages, pluie et \u00e9claircies, avec un samedi plut\u00f4t ensoleill\u00e9 et un dimanche en revanche tr\u00e8s gris. Jordan Hebette remporte les deux manches chez les Inters MX2. En s&rsquo;imposant \u00e0 Vaux-sur-S\u00fbre, le pilote [&hellip;]"}