{"version":"1.0","provider_name":"Motocross - Enduro - Supermoto | MotocrossMag","provider_url":"https:\/\/fr.motocrossmag.be","title":"David Foguenne et Lucas Adam victorieux \u00e0 Willancourt - Motocross - Enduro - Supermoto | MotocrossMag","type":"rich","width":600,"height":338,"html":"<blockquote class=\"wp-embedded-content\" data-secret=\"oWnxnkcmjA\"><a href=\"https:\/\/fr.motocrossmag.be\/index.php\/2019\/09\/david-foguenne-et-lucas-adam-victorieux-a-willancourt\/\">David Foguenne et Lucas Adam victorieux \u00e0 Willancourt<\/a><\/blockquote><iframe sandbox=\"allow-scripts\" security=\"restricted\" src=\"https:\/\/fr.motocrossmag.be\/index.php\/2019\/09\/david-foguenne-et-lucas-adam-victorieux-a-willancourt\/embed\/#?secret=oWnxnkcmjA\" width=\"600\" height=\"338\" title=\"\u00ab\u00a0David Foguenne et Lucas Adam victorieux \u00e0 Willancourt\u00a0\u00bb &#8212; Motocross - Enduro - Supermoto | MotocrossMag\" data-secret=\"oWnxnkcmjA\" frameborder=\"0\" marginwidth=\"0\" marginheight=\"0\" scrolling=\"no\" class=\"wp-embedded-content\"><\/iframe><script>\n\/*! This file is auto-generated *\/\n!function(d,l){\"use strict\";l.querySelector&&d.addEventListener&&\"undefined\"!=typeof URL&&(d.wp=d.wp||{},d.wp.receiveEmbedMessage||(d.wp.receiveEmbedMessage=function(e){var t=e.data;if((t||t.secret||t.message||t.value)&&!\/[^a-zA-Z0-9]\/.test(t.secret)){for(var s,r,n,a=l.querySelectorAll('iframe[data-secret=\"'+t.secret+'\"]'),o=l.querySelectorAll('blockquote[data-secret=\"'+t.secret+'\"]'),c=new RegExp(\"^https?:$\",\"i\"),i=0;i<o.length;i++)o[i].style.display=\"none\";for(i=0;i<a.length;i++)s=a[i],e.source===s.contentWindow&&(s.removeAttribute(\"style\"),\"height\"===t.message?(1e3<(r=parseInt(t.value,10))?r=1e3:~~r<200&&(r=200),s.height=r):\"link\"===t.message&&(r=new URL(s.getAttribute(\"src\")),n=new URL(t.value),c.test(n.protocol))&&n.host===r.host&&l.activeElement===s&&(d.top.location.href=t.value))}},d.addEventListener(\"message\",d.wp.receiveEmbedMessage,!1),l.addEventListener(\"DOMContentLoaded\",function(){for(var e,t,s=l.querySelectorAll(\"iframe.wp-embedded-content\"),r=0;r<s.length;r++)(t=(e=s[r]).getAttribute(\"data-secret\"))||(t=Math.random().toString(36).substring(2,12),e.src+=\"#?secret=\"+t,e.setAttribute(\"data-secret\",t)),e.contentWindow.postMessage({message:\"ready\",secret:t},\"*\")},!1)))}(window,document);\n\/\/# sourceURL=https:\/\/fr.motocrossmag.be\/wp-includes\/js\/wp-embed.min.js\n<\/script>\n","thumbnail_url":"https:\/\/fr.motocrossmag.be\/wp-content\/uploads\/2019\/09\/ampl-mx-willancourt.jpg","thumbnail_width":1000,"thumbnail_height":666,"description":"Le MC Gaumais recevait ce week-end sur son circuit de Willancourt la 16\u00e8me \u00e9preuve de la saison AMPL. Une organisation soign\u00e9e dans les moindres d\u00e9tails et un circuit superbement trac\u00e9, largement remani\u00e9 par rapport aux ann\u00e9es pr\u00e9c\u00e9dentes et une m\u00e9t\u00e9o estivale ont fait de cette derni\u00e8re \u00e9preuve des vacances une r\u00e9ussite. Sur le plan sportif, [&hellip;]"}