{"version":"1.0","provider_name":"Motocross - Enduro - Supermoto | MotocrossMag","provider_url":"https:\/\/fr.motocrossmag.be","title":"Ken Roczen en proie \u00e0 des probl\u00e8mes respiratoires - Motocross - Enduro - Supermoto | MotocrossMag","type":"rich","width":600,"height":338,"html":"<blockquote class=\"wp-embedded-content\" data-secret=\"9290hF6d2o\"><a href=\"https:\/\/fr.motocrossmag.be\/index.php\/2020\/06\/ken-roczen-en-proie-a-des-problemes-respiratoires\/\">Ken Roczen en proie \u00e0 des probl\u00e8mes respiratoires<\/a><\/blockquote><iframe sandbox=\"allow-scripts\" security=\"restricted\" src=\"https:\/\/fr.motocrossmag.be\/index.php\/2020\/06\/ken-roczen-en-proie-a-des-problemes-respiratoires\/embed\/#?secret=9290hF6d2o\" width=\"600\" height=\"338\" title=\"\u00ab\u00a0Ken Roczen en proie \u00e0 des probl\u00e8mes respiratoires\u00a0\u00bb &#8212; Motocross - Enduro - Supermoto | MotocrossMag\" data-secret=\"9290hF6d2o\" frameborder=\"0\" marginwidth=\"0\" marginheight=\"0\" scrolling=\"no\" class=\"wp-embedded-content\"><\/iframe><script>\n\/*! This file is auto-generated *\/\n!function(d,l){\"use strict\";l.querySelector&&d.addEventListener&&\"undefined\"!=typeof URL&&(d.wp=d.wp||{},d.wp.receiveEmbedMessage||(d.wp.receiveEmbedMessage=function(e){var t=e.data;if((t||t.secret||t.message||t.value)&&!\/[^a-zA-Z0-9]\/.test(t.secret)){for(var s,r,n,a=l.querySelectorAll('iframe[data-secret=\"'+t.secret+'\"]'),o=l.querySelectorAll('blockquote[data-secret=\"'+t.secret+'\"]'),c=new RegExp(\"^https?:$\",\"i\"),i=0;i<o.length;i++)o[i].style.display=\"none\";for(i=0;i<a.length;i++)s=a[i],e.source===s.contentWindow&&(s.removeAttribute(\"style\"),\"height\"===t.message?(1e3<(r=parseInt(t.value,10))?r=1e3:~~r<200&&(r=200),s.height=r):\"link\"===t.message&&(r=new URL(s.getAttribute(\"src\")),n=new URL(t.value),c.test(n.protocol))&&n.host===r.host&&l.activeElement===s&&(d.top.location.href=t.value))}},d.addEventListener(\"message\",d.wp.receiveEmbedMessage,!1),l.addEventListener(\"DOMContentLoaded\",function(){for(var e,t,s=l.querySelectorAll(\"iframe.wp-embedded-content\"),r=0;r<s.length;r++)(t=(e=s[r]).getAttribute(\"data-secret\"))||(t=Math.random().toString(36).substring(2,12),e.src+=\"#?secret=\"+t,e.setAttribute(\"data-secret\",t)),e.contentWindow.postMessage({message:\"ready\",secret:t},\"*\")},!1)))}(window,document);\n\/\/# sourceURL=https:\/\/fr.motocrossmag.be\/wp-includes\/js\/wp-embed.min.js\n<\/script>\n","thumbnail_url":"https:\/\/fr.motocrossmag.be\/wp-content\/uploads\/2020\/06\/roczen-slc2.jpg","thumbnail_width":800,"thumbnail_height":532,"description":"D\u00e9j\u00e0 avant l&rsquo;interruption du championnat, on avait vu Ken Roczen \u00e0 quelques reprises devoir l\u00e2cher prise en pleine finale face \u00e0 ses concurrents directs. De nouveau, sa 5\u00e8me place ce mercredi \u00e0 Salt Lake City 2 interroge quant \u00e0 l&rsquo;\u00e9tat de forme du pilote allemand. Il vient de donner des explications. Ken Roczen: \u00ab\u00a0J&rsquo;ai des [&hellip;]"}