{"version":"1.0","provider_name":"Motocross - Enduro - Supermoto | MotocrossMag","provider_url":"https:\/\/fr.motocrossmag.be","title":"Jeffrey Herlings met un terme \u00e0 sa saison - Motocross - Enduro - Supermoto | MotocrossMag","type":"rich","width":600,"height":338,"html":"<blockquote class=\"wp-embedded-content\" data-secret=\"SKf9g4aZA8\"><a href=\"https:\/\/fr.motocrossmag.be\/index.php\/2020\/10\/jeffrey-herlings-met-un-terme-a-sa-saison\/\">Jeffrey Herlings met un terme \u00e0 sa saison<\/a><\/blockquote><iframe sandbox=\"allow-scripts\" security=\"restricted\" src=\"https:\/\/fr.motocrossmag.be\/index.php\/2020\/10\/jeffrey-herlings-met-un-terme-a-sa-saison\/embed\/#?secret=SKf9g4aZA8\" width=\"600\" height=\"338\" title=\"\u00ab\u00a0Jeffrey Herlings met un terme \u00e0 sa saison\u00a0\u00bb &#8212; Motocross - Enduro - Supermoto | MotocrossMag\" data-secret=\"SKf9g4aZA8\" frameborder=\"0\" marginwidth=\"0\" marginheight=\"0\" scrolling=\"no\" class=\"wp-embedded-content\"><\/iframe><script>\n\/*! This file is auto-generated *\/\n!function(d,l){\"use strict\";l.querySelector&&d.addEventListener&&\"undefined\"!=typeof URL&&(d.wp=d.wp||{},d.wp.receiveEmbedMessage||(d.wp.receiveEmbedMessage=function(e){var t=e.data;if((t||t.secret||t.message||t.value)&&!\/[^a-zA-Z0-9]\/.test(t.secret)){for(var s,r,n,a=l.querySelectorAll('iframe[data-secret=\"'+t.secret+'\"]'),o=l.querySelectorAll('blockquote[data-secret=\"'+t.secret+'\"]'),c=new RegExp(\"^https?:$\",\"i\"),i=0;i<o.length;i++)o[i].style.display=\"none\";for(i=0;i<a.length;i++)s=a[i],e.source===s.contentWindow&&(s.removeAttribute(\"style\"),\"height\"===t.message?(1e3<(r=parseInt(t.value,10))?r=1e3:~~r<200&&(r=200),s.height=r):\"link\"===t.message&&(r=new URL(s.getAttribute(\"src\")),n=new URL(t.value),c.test(n.protocol))&&n.host===r.host&&l.activeElement===s&&(d.top.location.href=t.value))}},d.addEventListener(\"message\",d.wp.receiveEmbedMessage,!1),l.addEventListener(\"DOMContentLoaded\",function(){for(var e,t,s=l.querySelectorAll(\"iframe.wp-embedded-content\"),r=0;r<s.length;r++)(t=(e=s[r]).getAttribute(\"data-secret\"))||(t=Math.random().toString(36).substring(2,12),e.src+=\"#?secret=\"+t,e.setAttribute(\"data-secret\",t)),e.contentWindow.postMessage({message:\"ready\",secret:t},\"*\")},!1)))}(window,document);\n\/\/# sourceURL=https:\/\/fr.motocrossmag.be\/wp-includes\/js\/wp-embed.min.js\n<\/script>\n","thumbnail_url":"https:\/\/fr.motocrossmag.be\/wp-content\/uploads\/2020\/01\/329731_Herlings_Jeffrey_KTM_RedSands_2020_ZA_1894.jpg","thumbnail_width":999,"thumbnail_height":666,"description":"Annonc\u00e9 dans un premier temps comme absent des quatre GP suivants, Jeffrey Herlings est \u00e0 pr\u00e9sent contraint de prolonger son absence. Les cons\u00e9quences de la chute du pilote hollandais \u00e0 Faenza sont bien plus lourdes qu&rsquo;esp\u00e9r\u00e9 pour l&rsquo;officiel KTM. Il doit \u00e0 pr\u00e9sent renoncer \u00e0 la suite de la saison. On ne reverra donc plus [&hellip;]"}