{"version":"1.0","provider_name":"Motocross - Enduro - Supermoto | MotocrossMag","provider_url":"https:\/\/fr.motocrossmag.be","title":"Glenn Coldenhoff a d\u00e9j\u00e0 repris l'entra\u00eenement \u00e0 moto - Motocross - Enduro - Supermoto | MotocrossMag","type":"rich","width":600,"height":338,"html":"<blockquote class=\"wp-embedded-content\" data-secret=\"u8yfIZujl1\"><a href=\"https:\/\/fr.motocrossmag.be\/index.php\/2020\/12\/glenn-coldenhoff-a-deja-repris-lentrainement-a-moto\/\">Glenn Coldenhoff a d\u00e9j\u00e0 repris l&rsquo;entra\u00eenement \u00e0 moto<\/a><\/blockquote><iframe sandbox=\"allow-scripts\" security=\"restricted\" src=\"https:\/\/fr.motocrossmag.be\/index.php\/2020\/12\/glenn-coldenhoff-a-deja-repris-lentrainement-a-moto\/embed\/#?secret=u8yfIZujl1\" width=\"600\" height=\"338\" title=\"\u00ab\u00a0Glenn Coldenhoff a d\u00e9j\u00e0 repris l&rsquo;entra\u00eenement \u00e0 moto\u00a0\u00bb &#8212; Motocross - Enduro - Supermoto | MotocrossMag\" data-secret=\"u8yfIZujl1\" frameborder=\"0\" marginwidth=\"0\" marginheight=\"0\" scrolling=\"no\" class=\"wp-embedded-content\"><\/iframe><script>\n\/*! This file is auto-generated *\/\n!function(d,l){\"use strict\";l.querySelector&&d.addEventListener&&\"undefined\"!=typeof URL&&(d.wp=d.wp||{},d.wp.receiveEmbedMessage||(d.wp.receiveEmbedMessage=function(e){var t=e.data;if((t||t.secret||t.message||t.value)&&!\/[^a-zA-Z0-9]\/.test(t.secret)){for(var s,r,n,a=l.querySelectorAll('iframe[data-secret=\"'+t.secret+'\"]'),o=l.querySelectorAll('blockquote[data-secret=\"'+t.secret+'\"]'),c=new RegExp(\"^https?:$\",\"i\"),i=0;i<o.length;i++)o[i].style.display=\"none\";for(i=0;i<a.length;i++)s=a[i],e.source===s.contentWindow&&(s.removeAttribute(\"style\"),\"height\"===t.message?(1e3<(r=parseInt(t.value,10))?r=1e3:~~r<200&&(r=200),s.height=r):\"link\"===t.message&&(r=new URL(s.getAttribute(\"src\")),n=new URL(t.value),c.test(n.protocol))&&n.host===r.host&&l.activeElement===s&&(d.top.location.href=t.value))}},d.addEventListener(\"message\",d.wp.receiveEmbedMessage,!1),l.addEventListener(\"DOMContentLoaded\",function(){for(var e,t,s=l.querySelectorAll(\"iframe.wp-embedded-content\"),r=0;r<s.length;r++)(t=(e=s[r]).getAttribute(\"data-secret\"))||(t=Math.random().toString(36).substring(2,12),e.src+=\"#?secret=\"+t,e.setAttribute(\"data-secret\",t)),e.contentWindow.postMessage({message:\"ready\",secret:t},\"*\")},!1)))}(window,document);\n\/\/# sourceURL=https:\/\/fr.motocrossmag.be\/wp-includes\/js\/wp-embed.min.js\n<\/script>\n","thumbnail_url":"https:\/\/fr.motocrossmag.be\/wp-content\/uploads\/2020\/12\/coldenhoff-yamaha.jpg","thumbnail_width":650,"thumbnail_height":432,"description":"Victime d&rsquo;une lourde chute lors du triple grand-prix de Lommel en octobre dernier, Glenn Coldenhoff avait d\u00fb en rester l\u00e0, quelques semaines \u00e0 peine apr\u00e8s avoir offert \u00e0 GasGas sa premi\u00e8re victoire dans la cat\u00e9gorie reine du motocross mondial. Le pilote hollandais souffrait de deux vert\u00e8bres fractur\u00e9es mais n&rsquo;a heureusement jamais perdu de sensation dans [&hellip;]"}