{"version":"1.0","provider_name":"Motocross - Enduro - Supermoto | MotocrossMag","provider_url":"https:\/\/fr.motocrossmag.be","title":"Laurent Brevers rapatri\u00e9 ce mercredi - Motocross - Enduro - Supermoto | MotocrossMag","type":"rich","width":600,"height":338,"html":"<blockquote class=\"wp-embedded-content\" data-secret=\"kVjEvjPmsR\"><a href=\"https:\/\/fr.motocrossmag.be\/index.php\/2022\/05\/laurent-brevers-rapatrie-ce-mercredi\/\">Laurent Brevers rapatri\u00e9 ce mercredi<\/a><\/blockquote><iframe sandbox=\"allow-scripts\" security=\"restricted\" src=\"https:\/\/fr.motocrossmag.be\/index.php\/2022\/05\/laurent-brevers-rapatrie-ce-mercredi\/embed\/#?secret=kVjEvjPmsR\" width=\"600\" height=\"338\" title=\"\u00ab\u00a0Laurent Brevers rapatri\u00e9 ce mercredi\u00a0\u00bb &#8212; Motocross - Enduro - Supermoto | MotocrossMag\" data-secret=\"kVjEvjPmsR\" frameborder=\"0\" marginwidth=\"0\" marginheight=\"0\" scrolling=\"no\" class=\"wp-embedded-content\"><\/iframe><script>\n\/*! This file is auto-generated *\/\n!function(d,l){\"use strict\";l.querySelector&&d.addEventListener&&\"undefined\"!=typeof URL&&(d.wp=d.wp||{},d.wp.receiveEmbedMessage||(d.wp.receiveEmbedMessage=function(e){var t=e.data;if((t||t.secret||t.message||t.value)&&!\/[^a-zA-Z0-9]\/.test(t.secret)){for(var s,r,n,a=l.querySelectorAll('iframe[data-secret=\"'+t.secret+'\"]'),o=l.querySelectorAll('blockquote[data-secret=\"'+t.secret+'\"]'),c=new RegExp(\"^https?:$\",\"i\"),i=0;i<o.length;i++)o[i].style.display=\"none\";for(i=0;i<a.length;i++)s=a[i],e.source===s.contentWindow&&(s.removeAttribute(\"style\"),\"height\"===t.message?(1e3<(r=parseInt(t.value,10))?r=1e3:~~r<200&&(r=200),s.height=r):\"link\"===t.message&&(r=new URL(s.getAttribute(\"src\")),n=new URL(t.value),c.test(n.protocol))&&n.host===r.host&&l.activeElement===s&&(d.top.location.href=t.value))}},d.addEventListener(\"message\",d.wp.receiveEmbedMessage,!1),l.addEventListener(\"DOMContentLoaded\",function(){for(var e,t,s=l.querySelectorAll(\"iframe.wp-embedded-content\"),r=0;r<s.length;r++)(t=(e=s[r]).getAttribute(\"data-secret\"))||(t=Math.random().toString(36).substring(2,12),e.src+=\"#?secret=\"+t,e.setAttribute(\"data-secret\",t)),e.contentWindow.postMessage({message:\"ready\",secret:t},\"*\")},!1)))}(window,document);\n\/\/# sourceURL=https:\/\/fr.motocrossmag.be\/wp-includes\/js\/wp-embed.min.js\n<\/script>\n","thumbnail_url":"https:\/\/fr.motocrossmag.be\/wp-content\/uploads\/2022\/04\/brevers-podium-veterans.jpg","thumbnail_width":"650","thumbnail_height":"466","description":"La semaine pass\u00e9e, nous vous relations la terrible chute dont Laurent Brevers a \u00e9t\u00e9 victime sur la deuxi\u00e8me \u00e9preuve du championnat de France de motocross pour v\u00e9t\u00e9rans sur la piste de Sommi\u00e8res. Il avait \u00e9t\u00e9 hospitalis\u00e9 en France avec de nombreuses contusions, quatre c\u00f4tes cass\u00e9es et un foie endommag\u00e9. Aujourd&rsquo;hui, notre compatriote va mieux et [&hellip;]"}