{"version":"1.0","provider_name":"Motocross - Enduro - Supermoto | MotocrossMag","provider_url":"https:\/\/fr.motocrossmag.be","title":"Romain F\u00e8bvre : \"Une victoire tr\u00e8s \u00e9mouvante\" - Motocross - Enduro - Supermoto | MotocrossMag","type":"rich","width":600,"height":338,"html":"<blockquote class=\"wp-embedded-content\" data-secret=\"BId1oRZY4r\"><a href=\"https:\/\/fr.motocrossmag.be\/index.php\/2025\/04\/romain-febvre-une-victoire-tres-emouvante\/\">Romain F\u00e8bvre : \u00ab\u00a0Une victoire tr\u00e8s \u00e9mouvante\u00a0\u00bb<\/a><\/blockquote><iframe sandbox=\"allow-scripts\" security=\"restricted\" src=\"https:\/\/fr.motocrossmag.be\/index.php\/2025\/04\/romain-febvre-une-victoire-tres-emouvante\/embed\/#?secret=BId1oRZY4r\" width=\"600\" height=\"338\" title=\"\u00ab\u00a0Romain F\u00e8bvre : \u00ab\u00a0Une victoire tr\u00e8s \u00e9mouvante\u00a0\u00bb\u00a0\u00bb &#8212; Motocross - Enduro - Supermoto | MotocrossMag\" data-secret=\"BId1oRZY4r\" frameborder=\"0\" marginwidth=\"0\" marginheight=\"0\" scrolling=\"no\" class=\"wp-embedded-content\"><\/iframe><script>\n\/*! This file is auto-generated *\/\n!function(d,l){\"use strict\";l.querySelector&&d.addEventListener&&\"undefined\"!=typeof URL&&(d.wp=d.wp||{},d.wp.receiveEmbedMessage||(d.wp.receiveEmbedMessage=function(e){var t=e.data;if((t||t.secret||t.message||t.value)&&!\/[^a-zA-Z0-9]\/.test(t.secret)){for(var s,r,n,a=l.querySelectorAll('iframe[data-secret=\"'+t.secret+'\"]'),o=l.querySelectorAll('blockquote[data-secret=\"'+t.secret+'\"]'),c=new RegExp(\"^https?:$\",\"i\"),i=0;i<o.length;i++)o[i].style.display=\"none\";for(i=0;i<a.length;i++)s=a[i],e.source===s.contentWindow&&(s.removeAttribute(\"style\"),\"height\"===t.message?(1e3<(r=parseInt(t.value,10))?r=1e3:~~r<200&&(r=200),s.height=r):\"link\"===t.message&&(r=new URL(s.getAttribute(\"src\")),n=new URL(t.value),c.test(n.protocol))&&n.host===r.host&&l.activeElement===s&&(d.top.location.href=t.value))}},d.addEventListener(\"message\",d.wp.receiveEmbedMessage,!1),l.addEventListener(\"DOMContentLoaded\",function(){for(var e,t,s=l.querySelectorAll(\"iframe.wp-embedded-content\"),r=0;r<s.length;r++)(t=(e=s[r]).getAttribute(\"data-secret\"))||(t=Math.random().toString(36).substring(2,12),e.src+=\"#?secret=\"+t,e.setAttribute(\"data-secret\",t)),e.contentWindow.postMessage({message:\"ready\",secret:t},\"*\")},!1)))}(window,document);\n\/\/# sourceURL=https:\/\/fr.motocrossmag.be\/wp-includes\/js\/wp-embed.min.js\n<\/script>\n","thumbnail_url":"https:\/\/fr.motocrossmag.be\/wp-content\/uploads\/2025\/04\/hi_FEBVRE_GP4_PH_5857.jpg","thumbnail_width":1200,"thumbnail_height":800,"description":"Romain Febvre s&rsquo;est impos\u00e9 hier sur la quatri\u00e8me manche du championnat du monde MXGP 2025 \u00e0 Riola Sardo, en Sardaigne. La premi\u00e8re victoire de la saison pour le pilote Kawasaki qui est aussi son premier succ\u00e8s depuis 2023. \u00ab\u00a0Ma victoire montre que nous travaillons dans la bonne direction !\u00a0\u00bb Meilleur temps lors du warm-up matinal, [&hellip;]"}