{"version":"1.0","provider_name":"Motocross - Enduro - Supermoto | MotocrossMag","provider_url":"https:\/\/fr.motocrossmag.be","title":"Lucas Coenen \"tellement heureux de gagner \u00e0 nouveau\" - Motocross - Enduro - Supermoto | MotocrossMag","type":"rich","width":600,"height":338,"html":"<blockquote class=\"wp-embedded-content\" data-secret=\"uLbOaFGgts\"><a href=\"https:\/\/fr.motocrossmag.be\/index.php\/2025\/05\/lucas-coenen-tellement-heureux-de-gagner-a-nouveau\/\">Lucas Coenen \u00ab\u00a0tellement heureux de gagner \u00e0 nouveau\u00a0\u00bb<\/a><\/blockquote><iframe sandbox=\"allow-scripts\" security=\"restricted\" src=\"https:\/\/fr.motocrossmag.be\/index.php\/2025\/05\/lucas-coenen-tellement-heureux-de-gagner-a-nouveau\/embed\/#?secret=uLbOaFGgts\" width=\"600\" height=\"338\" title=\"\u00ab\u00a0Lucas Coenen \u00ab\u00a0tellement heureux de gagner \u00e0 nouveau\u00a0\u00bb\u00a0\u00bb &#8212; Motocross - Enduro - Supermoto | MotocrossMag\" data-secret=\"uLbOaFGgts\" frameborder=\"0\" marginwidth=\"0\" marginheight=\"0\" scrolling=\"no\" class=\"wp-embedded-content\"><\/iframe><script>\n\/*! This file is auto-generated *\/\n!function(d,l){\"use strict\";l.querySelector&&d.addEventListener&&\"undefined\"!=typeof URL&&(d.wp=d.wp||{},d.wp.receiveEmbedMessage||(d.wp.receiveEmbedMessage=function(e){var t=e.data;if((t||t.secret||t.message||t.value)&&!\/[^a-zA-Z0-9]\/.test(t.secret)){for(var s,r,n,a=l.querySelectorAll('iframe[data-secret=\"'+t.secret+'\"]'),o=l.querySelectorAll('blockquote[data-secret=\"'+t.secret+'\"]'),c=new RegExp(\"^https?:$\",\"i\"),i=0;i<o.length;i++)o[i].style.display=\"none\";for(i=0;i<a.length;i++)s=a[i],e.source===s.contentWindow&&(s.removeAttribute(\"style\"),\"height\"===t.message?(1e3<(r=parseInt(t.value,10))?r=1e3:~~r<200&&(r=200),s.height=r):\"link\"===t.message&&(r=new URL(s.getAttribute(\"src\")),n=new URL(t.value),c.test(n.protocol))&&n.host===r.host&&l.activeElement===s&&(d.top.location.href=t.value))}},d.addEventListener(\"message\",d.wp.receiveEmbedMessage,!1),l.addEventListener(\"DOMContentLoaded\",function(){for(var e,t,s=l.querySelectorAll(\"iframe.wp-embedded-content\"),r=0;r<s.length;r++)(t=(e=s[r]).getAttribute(\"data-secret\"))||(t=Math.random().toString(36).substring(2,12),e.src+=\"#?secret=\"+t,e.setAttribute(\"data-secret\",t)),e.contentWindow.postMessage({message:\"ready\",secret:t},\"*\")},!1)))}(window,document);\n\/\/# sourceURL=https:\/\/fr.motocrossmag.be\/wp-includes\/js\/wp-embed.min.js\n<\/script>\n","thumbnail_url":"https:\/\/fr.motocrossmag.be\/wp-content\/uploads\/2025\/05\/688657_Coenen_Lucas_07_MXGP_Portugal_2025_22A3560_7th-Rd-MXGP-2025-_-tba-_TBA_.jpg","thumbnail_width":1200,"thumbnail_height":800,"description":"Lucas Coenen a une nouvelle fois marqu\u00e9 les esprits ce week-end en signant un doubl\u00e9 \u00e9clatant pour d\u00e9crocher la victoire au classement g\u00e9n\u00e9ral du MXGP. Le jeune pilote belge continue d\u2019impressionner dans la cat\u00e9gorie reine, encha\u00eenant les performances de haut vol avec une maturit\u00e9 remarquable. \u00ab\u00a0Un tr\u00e8s bon week-end. Encore un doubl\u00e9 le dimanche et [&hellip;]"}