{"id":137654,"date":"2024-05-27T00:21:56","date_gmt":"2024-05-26T22:21:56","guid":{"rendered":"https:\/\/dev.mxmag.be\/?page_id=137654"},"modified":"2025-02-10T14:55:17","modified_gmt":"2025-02-10T13:55:17","slug":"le-motocross-et-lenduro-en-belgique-mxmag","status":"publish","type":"page","link":"https:\/\/fr.motocrossmag.be\/","title":{"rendered":"Motocross, enduro et Supermoto en Belgique : toute l&rsquo;actualit\u00e9"},"content":{"rendered":"<div class=\"fusion-fullwidth fullwidth-box fusion-builder-row-1 fusion-flex-container has-pattern-background has-mask-background hundred-percent-fullwidth non-hundred-percent-height-scrolling fusion-animated\" style=\"--awb-border-radius-top-left:0px;--awb-border-radius-top-right:0px;--awb-border-radius-bottom-right:0px;--awb-border-radius-bottom-left:0px;--awb-margin-top:-40px;--awb-flex-wrap:wrap;\" data-animationType=\"flash\" data-animationDuration=\"0.3\" data-animationOffset=\"top-into-view\" ><div class=\"fusion-builder-row fusion-row fusion-flex-align-items-flex-start fusion-flex-content-wrap\" style=\"width:104% !important;max-width:104% !important;margin-left: calc(-4% \/ 2 );margin-right: calc(-4% \/ 2 );\"><\/div><\/div><div class=\"fusion-fullwidth fullwidth-box fusion-builder-row-2 fusion-flex-container has-pattern-background has-mask-background nonhundred-percent-fullwidth non-hundred-percent-height-scrolling\" style=\"--awb-border-radius-top-left:0px;--awb-border-radius-top-right:0px;--awb-border-radius-bottom-right:0px;--awb-border-radius-bottom-left:0px;--awb-margin-top:50px;--awb-margin-top-medium:0px;--awb-margin-top-small:0px;--awb-flex-wrap:wrap;\" ><div class=\"awb-background-mask\" style=\"background-image:  url(data:image\/svg+xml;utf8,%3Csvg%20width%3D%221920%22%20height%3D%22954%22%20fill%3D%22none%22%20xmlns%3D%22http%3A%2F%2Fwww.w3.org%2F2000%2Fsvg%22%3E%3Cg%20clip-path%3D%22url%28%23prefix__clip0_58_894%29%22%3E%3Cpath%20stroke%3D%22rgba%28242%2C242%2C242%2C1%29%22%20stroke-width%3D%22120%22%20d%3D%22M1345%20600.853l353.553%20353.553L1345%201307.96%20991.447%20954.406z%22%2F%3E%3Cpath%20stroke%3D%22rgba%28242%2C242%2C242%2C1%29%22%20stroke-width%3D%2260%22%20d%3D%22M1345%20815.426L1633.574%201104%201345%201392.574%201056.426%201104z%22%2F%3E%3Cpath%20fill%3D%22rgba%28242%2C242%2C242%2C1%29%22%20d%3D%22M1345-439L1783.406-.594%201345%20437.812%20906.594-.594z%22%2F%3E%3Cpath%20stroke%3D%22rgba%28242%2C242%2C242%2C1%29%22%20stroke-width%3D%22240%22%20d%3D%22M1921.76%20168.706l309.059%20309.059-309.059%20309.058-309.059-309.058z%22%2F%3E%3C%2Fg%3E%3Cdefs%3E%3CclipPath%20id%3D%22prefix__clip0_58_894%22%3E%3Cpath%20fill%3D%22%23fff%22%20d%3D%22M0%200h1920v954H0z%22%2F%3E%3C%2FclipPath%3E%3C%2Fdefs%3E%3C%2Fsvg%3E);opacity: 1 ;transform: scale(1, 1);mix-blend-mode:normal;\"><\/div><div class=\"fusion-builder-row fusion-row fusion-flex-align-items-flex-start fusion-flex-content-wrap\" style=\"max-width:1393.6px;margin-left: calc(-4% \/ 2 );margin-right: calc(-4% \/ 2 );\"><div class=\"fusion-layout-column fusion_builder_column fusion-builder-column-0 fusion_builder_column_1_1 1_1 fusion-flex-column\" style=\"--awb-bg-size:cover;--awb-width-large:100%;--awb-margin-top-large:0px;--awb-spacing-right-large:1.92%;--awb-margin-bottom-large:20px;--awb-spacing-left-large:1.92%;--awb-width-medium:100%;--awb-order-medium:0;--awb-spacing-right-medium:1.92%;--awb-spacing-left-medium:1.92%;--awb-width-small:100%;--awb-order-small:0;--awb-spacing-right-small:1.92%;--awb-spacing-left-small:1.92%;\"><div class=\"fusion-column-wrapper fusion-column-has-shadow fusion-flex-justify-content-flex-start fusion-content-layout-column\"><div class=\"fusion-builder-row fusion-builder-row-inner fusion-row fusion-flex-align-items-flex-start fusion-flex-content-wrap\" style=\"width:104% !important;max-width:104% !important;margin-left: calc(-4% \/ 2 );margin-right: calc(-4% \/ 2 );\"><div class=\"fusion-layout-column fusion_builder_column_inner fusion-builder-nested-column-0 fusion_builder_column_inner_2_3 2_3 fusion-flex-column\" style=\"--awb-bg-size:cover;--awb-width-large:66.666666666667%;--awb-margin-top-large:0px;--awb-spacing-right-large:2.88%;--awb-margin-bottom-large:20px;--awb-spacing-left-large:2.88%;--awb-width-medium:66.666666666667%;--awb-order-medium:0;--awb-spacing-right-medium:2.88%;--awb-spacing-left-medium:2.88%;--awb-width-small:100%;--awb-order-small:0;--awb-spacing-right-small:1.92%;--awb-spacing-left-small:1.92%;\"><div class=\"fusion-column-wrapper fusion-column-has-shadow fusion-flex-justify-content-flex-start fusion-content-layout-column\"><div class=\"fusion-blog-shortcode fusion-blog-shortcode-1 fusion-blog-archive fusion-blog-layout-grid-wrapper fusion-blog-no\" style=\"margin-top:40px;--awb-title-font-size:22px;--grid_separator_color:rgba(255,255,255,0);\"><style type=\"text\/css\">.fusion-blog-shortcode-1 .fusion-blog-layout-grid .fusion-post-grid{padding:15px;}.fusion-blog-shortcode-1 .fusion-posts-container{margin-left: -15px !important; margin-right:-15px !important;}<\/style><div class=\"fusion-posts-container fusion-posts-container-no fusion-blog-rollover fusion-blog-layout-grid fusion-blog-layout-grid-2 isotope fusion-blog-equal-heights\" data-pages=\"9631\" data-grid-col-space=\"30\" style=\"margin: -15px -15px 0;min-height:500px;\"><article id=\"blog-1-post-155570\" class=\"fusion-post-grid post-155570 post type-post status-publish format-standard has-post-thumbnail hentry category-actualite category-motocross category-news category-news-actualite category-slideshow category-video tag-championnat-de-france-elite tag-motocross tag-romagne tag-thibault-benistant\">\n<div class=\"fusion-post-wrapper\" style=\"background-color:rgba(255,255,255,0);border:none;\">\n\n\t\t\t<div class=\"fusion-flexslider flexslider fusion-flexslider-loading fusion-post-slideshow\" style=\"border-color:rgba(255,255,255,0);\">\n\t\t<ul class=\"slides\">\n\t\t\t\n\t\t\t\t\t\t\t\t\t\t\t\t\t\t<li><div  class=\"fusion-image-wrapper\" aria-haspopup=\"true\">\n\t\t\t\t<img decoding=\"async\" width=\"1196\" height=\"752\" src=\"https:\/\/fr.motocrossmag.be\/wp-content\/uploads\/2026\/04\/benistant-romagne-ffm-elite.jpg\" class=\"attachment-full size-full lazyload wp-post-image\" alt=\"\" srcset=\"data:image\/svg+xml,%3Csvg%20xmlns%3D%27http%3A%2F%2Fwww.w3.org%2F2000%2Fsvg%27%20width%3D%271196%27%20height%3D%27752%27%20viewBox%3D%270%200%201196%20752%27%3E%3Crect%20width%3D%271196%27%20height%3D%27752%27%20fill-opacity%3D%220%22%2F%3E%3C%2Fsvg%3E\" data-orig-src=\"https:\/\/fr.motocrossmag.be\/wp-content\/uploads\/2026\/04\/benistant-romagne-ffm-elite.jpg\" data-srcset=\"https:\/\/fr.motocrossmag.be\/wp-content\/uploads\/2026\/04\/benistant-romagne-ffm-elite-200x126.jpg 200w, https:\/\/fr.motocrossmag.be\/wp-content\/uploads\/2026\/04\/benistant-romagne-ffm-elite-400x252.jpg 400w, https:\/\/fr.motocrossmag.be\/wp-content\/uploads\/2026\/04\/benistant-romagne-ffm-elite-600x377.jpg 600w, https:\/\/fr.motocrossmag.be\/wp-content\/uploads\/2026\/04\/benistant-romagne-ffm-elite-800x503.jpg 800w, https:\/\/fr.motocrossmag.be\/wp-content\/uploads\/2026\/04\/benistant-romagne-ffm-elite.jpg 1196w\" data-sizes=\"auto\" \/><div class=\"fusion-rollover\">\n\t<div class=\"fusion-rollover-content\">\n\n\t\t\t\t\n\t\t\n\t\t\t\t\t\t\t\t\n\t\t\t\t\t\t\t\t\n\t\t\n\t\t\t\t\t\t<a class=\"fusion-link-wrapper\" href=\"https:\/\/fr.motocrossmag.be\/index.php\/2026\/04\/mx-elite-a-romagne-les-courses-en-images\/\" aria-label=\"MX Elite \u00e0 Romagn\u00e9 : les courses en images\"><\/a>\n\t<\/div>\n<\/div>\n<\/div>\n<\/li>\n\t\t\t\n\t\t\t\n\t\t\t\t\t\t\t\t\t\t\t\t\t\t\t\t\t\t\t\t\t\t\t\t\t\t\t\t\t\t\t\t\t\t\t\t\t\t\t\t\t\t\t\t\t\t\t\t\t\t\t\t\t\t\t\t\t\t\t\t\t\t\t\t\t\t\t\t<\/ul>\n\t<\/div>\n\t<div class=\"fusion-post-content-wrapper\" style=\"padding:30px 25px 25px 25px;\"><div class=\"fusion-post-content post-content\"><h2 class=\"blog-shortcode-post-title entry-title\"><a href=\"https:\/\/fr.motocrossmag.be\/index.php\/2026\/04\/mx-elite-a-romagne-les-courses-en-images\/\">MX Elite \u00e0 Romagn\u00e9 : les courses en images<\/a><\/h2><p class=\"fusion-single-line-meta\"><span class=\"vcard\" style=\"display: none;\"><span class=\"fn\"><a href=\"https:\/\/fr.motocrossmag.be\/index.php\/author\/oliviere\/\" title=\"Articles par oliviere\" rel=\"author\">oliviere<\/a><\/span><\/span><span class=\"updated\" style=\"display:none;\">2026-04-28T10:04:19+02:00<\/span><span>28 avril 2026<\/span><span class=\"fusion-inline-sep\">|<\/span><\/p><\/div><\/div><div class=\"fusion-clearfix\"><\/div><\/div>\n<\/article>\n<article id=\"blog-1-post-155568\" class=\"fusion-post-grid post-155568 post type-post status-publish format-standard has-post-thumbnail hentry category-actualite category-calendriers category-fmb-supermoto category-news-actualite category-news-supermoto category-slideshow category-supermoto tag-calendrier tag-supermoto\">\n<div class=\"fusion-post-wrapper\" style=\"background-color:rgba(255,255,255,0);border:none;\">\n\n\t\t\t<div class=\"fusion-flexslider flexslider fusion-flexslider-loading fusion-post-slideshow\" style=\"border-color:rgba(255,255,255,0);\">\n\t\t<ul class=\"slides\">\n\t\t\t\n\t\t\t\t\t\t\t\t\t\t\t\t\t\t<li><div  class=\"fusion-image-wrapper\" aria-haspopup=\"true\">\n\t\t\t\t<img decoding=\"async\" width=\"800\" height=\"533\" src=\"data:image\/svg+xml,%3Csvg%20xmlns%3D%27http%3A%2F%2Fwww.w3.org%2F2000%2Fsvg%27%20width%3D%27800%27%20height%3D%27533%27%20viewBox%3D%270%200%20800%20533%27%3E%3Crect%20width%3D%27800%27%20height%3D%27533%27%20fill-opacity%3D%220%22%2F%3E%3C%2Fsvg%3E\" class=\"attachment-full size-full lazyload wp-post-image\" alt=\"\" data-orig-src=\"https:\/\/fr.motocrossmag.be\/wp-content\/uploads\/2024\/05\/supermoto-spa.jpg\" \/><div class=\"fusion-rollover\">\n\t<div class=\"fusion-rollover-content\">\n\n\t\t\t\t\n\t\t\n\t\t\t\t\t\t\t\t\n\t\t\t\t\t\t\t\t\n\t\t\n\t\t\t\t\t\t<a class=\"fusion-link-wrapper\" href=\"https:\/\/fr.motocrossmag.be\/index.php\/2026\/04\/supermoto-saint-hubert-annule-et-remplace-par-enter\/\" aria-label=\"Supermoto : Saint-Hubert annul\u00e9 et remplac\u00e9 par Enter\"><\/a>\n\t<\/div>\n<\/div>\n<\/div>\n<\/li>\n\t\t\t\n\t\t\t\n\t\t\t\t\t\t\t\t\t\t\t\t\t\t\t\t\t\t\t\t\t\t\t\t\t\t\t\t\t\t\t\t\t\t\t\t\t\t\t\t\t\t\t\t\t\t\t\t\t\t\t\t\t\t\t\t\t\t\t\t\t\t\t\t\t\t\t\t<\/ul>\n\t<\/div>\n\t<div class=\"fusion-post-content-wrapper\" style=\"padding:30px 25px 25px 25px;\"><div class=\"fusion-post-content post-content\"><h2 class=\"blog-shortcode-post-title entry-title\"><a href=\"https:\/\/fr.motocrossmag.be\/index.php\/2026\/04\/supermoto-saint-hubert-annule-et-remplace-par-enter\/\">Supermoto : Saint-Hubert annul\u00e9 et remplac\u00e9 par Enter<\/a><\/h2><p class=\"fusion-single-line-meta\"><span class=\"vcard\" style=\"display: none;\"><span class=\"fn\"><a href=\"https:\/\/fr.motocrossmag.be\/index.php\/author\/oliviere\/\" title=\"Articles par oliviere\" rel=\"author\">oliviere<\/a><\/span><\/span><span class=\"updated\" style=\"display:none;\">2026-04-28T09:57:15+02:00<\/span><span>28 avril 2026<\/span><span class=\"fusion-inline-sep\">|<\/span><\/p><\/div><\/div><div class=\"fusion-clearfix\"><\/div><\/div>\n<\/article>\n<div class=\"fusion-clearfix\"><\/div><\/div><\/div>\n<\/div><\/div><div class=\"fusion-layout-column fusion_builder_column_inner fusion-builder-nested-column-1 fusion_builder_column_inner_1_3 1_3 fusion-flex-column\" style=\"--awb-bg-size:cover;--awb-width-large:33.333333333333%;--awb-margin-top-large:95px;--awb-spacing-right-large:5.76%;--awb-margin-bottom-large:20px;--awb-spacing-left-large:5.76%;--awb-width-medium:33.333333333333%;--awb-order-medium:0;--awb-margin-top-medium:95px;--awb-spacing-right-medium:5.76%;--awb-spacing-left-medium:5.76%;--awb-width-small:100%;--awb-order-small:0;--awb-margin-top-small:-70px;--awb-spacing-right-small:1.92%;--awb-spacing-left-small:1.92%;\" data-scroll-devices=\"small-visibility,medium-visibility,large-visibility\"><div class=\"fusion-column-wrapper fusion-column-has-shadow fusion-flex-justify-content-flex-start fusion-content-layout-column\"><!-- \/91277017\/MXM-Mobile-Bloc_top_articles_FR -->\n<div id='div-gpt-ad-1717146139034-0' style='min-width: 300px; min-height: 250px;margin:auto'><script>\n    googletag.cmd.push(function() { googletag.display('div-gpt-ad-1717146139034-0'); });\n  <\/script>\n<\/div><\/div><\/div><\/div><div class=\"fusion-blog-shortcode fusion-blog-shortcode-2 fusion-blog-archive fusion-blog-layout-grid-wrapper fusion-blog-no\" style=\"--awb-title-font-size:22px;\"><style type=\"text\/css\">.fusion-blog-shortcode-2 .fusion-blog-layout-grid .fusion-post-grid{padding:15px;}.fusion-blog-shortcode-2 .fusion-posts-container{margin-left: -15px !important; margin-right:-15px !important;}<\/style><div class=\"fusion-posts-container fusion-posts-container-no fusion-blog-rollover fusion-blog-layout-grid fusion-blog-layout-grid-3 isotope fusion-blog-equal-heights\" data-pages=\"6420\" data-grid-col-space=\"30\" style=\"margin: -15px -15px 0;min-height:500px;\"><article id=\"blog-2-post-155565\" class=\"fusion-post-grid post-155565 post type-post status-publish format-standard has-post-thumbnail hentry category-actualite category-amateurs category-ampl category-kids category-motocross category-news category-news-actualite category-news-kids category-slideshow category-video tag-ampl tag-lierneux tag-motocross tag-video\">\n<div class=\"fusion-post-wrapper\" style=\"background-color:rgba(255,255,255,0);border:none;\">\n\n\t\t\t<div class=\"fusion-flexslider flexslider fusion-flexslider-loading fusion-post-slideshow\" style=\"border-color:rgba(255,255,255,0);\">\n\t\t<ul class=\"slides\">\n\t\t\t\n\t\t\t\t\t\t\t\t\t\t\t\t\t\t<li><div  class=\"fusion-image-wrapper\" aria-haspopup=\"true\">\n\t\t\t\t<img decoding=\"async\" width=\"1200\" height=\"800\" src=\"https:\/\/fr.motocrossmag.be\/wp-content\/uploads\/2026\/04\/DSC_2830.jpg\" class=\"attachment-full size-full lazyload wp-post-image\" alt=\"\" srcset=\"data:image\/svg+xml,%3Csvg%20xmlns%3D%27http%3A%2F%2Fwww.w3.org%2F2000%2Fsvg%27%20width%3D%271200%27%20height%3D%27800%27%20viewBox%3D%270%200%201200%20800%27%3E%3Crect%20width%3D%271200%27%20height%3D%27800%27%20fill-opacity%3D%220%22%2F%3E%3C%2Fsvg%3E\" data-orig-src=\"https:\/\/fr.motocrossmag.be\/wp-content\/uploads\/2026\/04\/DSC_2830.jpg\" data-srcset=\"https:\/\/fr.motocrossmag.be\/wp-content\/uploads\/2026\/04\/DSC_2830-200x133.jpg 200w, https:\/\/fr.motocrossmag.be\/wp-content\/uploads\/2026\/04\/DSC_2830-400x267.jpg 400w, https:\/\/fr.motocrossmag.be\/wp-content\/uploads\/2026\/04\/DSC_2830-600x400.jpg 600w, https:\/\/fr.motocrossmag.be\/wp-content\/uploads\/2026\/04\/DSC_2830-800x533.jpg 800w, https:\/\/fr.motocrossmag.be\/wp-content\/uploads\/2026\/04\/DSC_2830.jpg 1200w\" data-sizes=\"auto\" \/><div class=\"fusion-rollover\">\n\t<div class=\"fusion-rollover-content\">\n\n\t\t\t\t\n\t\t\n\t\t\t\t\t\t\t\t\n\t\t\t\t\t\t\t\t\n\t\t\n\t\t\t\t\t\t<a class=\"fusion-link-wrapper\" href=\"https:\/\/fr.motocrossmag.be\/index.php\/2026\/04\/ampl-a-lierneux-le-resume-video\/\" aria-label=\"AMPL \u00e0 Lierneux : le r\u00e9sum\u00e9 vid\u00e9o\"><\/a>\n\t<\/div>\n<\/div>\n<\/div>\n<\/li>\n\t\t\t\n\t\t\t\n\t\t\t\t\t\t\t\t\t\t\t\t\t\t\t\t\t\t\t\t\t\t\t\t\t\t\t\t\t\t\t\t\t\t\t\t\t\t\t\t\t\t\t\t\t\t\t\t\t\t\t\t\t\t\t\t\t\t\t\t\t\t\t\t\t\t\t\t<\/ul>\n\t<\/div>\n\t<div class=\"fusion-post-content-wrapper\" style=\"padding:30px 25px 25px 25px;\"><div class=\"fusion-post-content post-content\"><h2 class=\"blog-shortcode-post-title entry-title\"><a href=\"https:\/\/fr.motocrossmag.be\/index.php\/2026\/04\/ampl-a-lierneux-le-resume-video\/\">AMPL \u00e0 Lierneux : le r\u00e9sum\u00e9 vid\u00e9o<\/a><\/h2><p class=\"fusion-single-line-meta\"><span class=\"vcard\" style=\"display: none;\"><span class=\"fn\"><a href=\"https:\/\/fr.motocrossmag.be\/index.php\/author\/oliviere\/\" title=\"Articles par oliviere\" rel=\"author\">oliviere<\/a><\/span><\/span><span class=\"updated\" style=\"display:none;\">2026-04-27T19:14:25+02:00<\/span><span>27 avril 2026<\/span><span class=\"fusion-inline-sep\">|<\/span><\/p><\/div><\/div><div class=\"fusion-clearfix\"><\/div><\/div>\n<\/article>\n<article id=\"blog-2-post-155561\" class=\"fusion-post-grid post-155561 post type-post status-publish format-standard has-post-thumbnail hentry category-actualite category-motocross category-news-actualite category-news category-resultats category-slideshow tag-elite tag-jeffrey-herlings tag-motocross tag-romagne tag-sleny-goyer tag-thibault-benistant\">\n<div class=\"fusion-post-wrapper\" style=\"background-color:rgba(255,255,255,0);border:none;\">\n\n\t\t\t<div class=\"fusion-flexslider flexslider fusion-flexslider-loading fusion-post-slideshow\" style=\"border-color:rgba(255,255,255,0);\">\n\t\t<ul class=\"slides\">\n\t\t\t\n\t\t\t\t\t\t\t\t\t\t\t\t\t\t<li><div  class=\"fusion-image-wrapper\" aria-haspopup=\"true\">\n\t\t\t\t<img decoding=\"async\" width=\"1200\" height=\"800\" src=\"https:\/\/fr.motocrossmag.be\/wp-content\/uploads\/2026\/04\/herlings-romagne-FFM.jpeg\" class=\"attachment-full size-full lazyload wp-post-image\" alt=\"\" srcset=\"data:image\/svg+xml,%3Csvg%20xmlns%3D%27http%3A%2F%2Fwww.w3.org%2F2000%2Fsvg%27%20width%3D%271200%27%20height%3D%27800%27%20viewBox%3D%270%200%201200%20800%27%3E%3Crect%20width%3D%271200%27%20height%3D%27800%27%20fill-opacity%3D%220%22%2F%3E%3C%2Fsvg%3E\" data-orig-src=\"https:\/\/fr.motocrossmag.be\/wp-content\/uploads\/2026\/04\/herlings-romagne-FFM.jpeg\" data-srcset=\"https:\/\/fr.motocrossmag.be\/wp-content\/uploads\/2026\/04\/herlings-romagne-FFM-200x133.jpeg 200w, https:\/\/fr.motocrossmag.be\/wp-content\/uploads\/2026\/04\/herlings-romagne-FFM-400x267.jpeg 400w, https:\/\/fr.motocrossmag.be\/wp-content\/uploads\/2026\/04\/herlings-romagne-FFM-600x400.jpeg 600w, https:\/\/fr.motocrossmag.be\/wp-content\/uploads\/2026\/04\/herlings-romagne-FFM-800x533.jpeg 800w, https:\/\/fr.motocrossmag.be\/wp-content\/uploads\/2026\/04\/herlings-romagne-FFM.jpeg 1200w\" data-sizes=\"auto\" \/><div class=\"fusion-rollover\">\n\t<div class=\"fusion-rollover-content\">\n\n\t\t\t\t\n\t\t\n\t\t\t\t\t\t\t\t\n\t\t\t\t\t\t\t\t\n\t\t\n\t\t\t\t\t\t<a class=\"fusion-link-wrapper\" href=\"https:\/\/fr.motocrossmag.be\/index.php\/2026\/04\/jeffrey-herlings-en-patron-a-romagne\/\" aria-label=\"Jeffrey Herlings en patron \u00e0 Romagn\u00e9\"><\/a>\n\t<\/div>\n<\/div>\n<\/div>\n<\/li>\n\t\t\t\n\t\t\t\n\t\t\t\t\t\t\t\t\t\t\t\t\t\t\t\t\t\t\t\t\t\t\t\t\t\t\t\t\t\t\t\t\t\t\t\t\t\t\t\t\t\t\t\t\t\t\t\t\t\t\t\t\t\t\t\t\t\t\t\t\t\t\t\t\t\t\t\t<\/ul>\n\t<\/div>\n\t<div class=\"fusion-post-content-wrapper\" style=\"padding:30px 25px 25px 25px;\"><div class=\"fusion-post-content post-content\"><h2 class=\"blog-shortcode-post-title entry-title\"><a href=\"https:\/\/fr.motocrossmag.be\/index.php\/2026\/04\/jeffrey-herlings-en-patron-a-romagne\/\">Jeffrey Herlings en patron \u00e0 Romagn\u00e9<\/a><\/h2><p class=\"fusion-single-line-meta\"><span class=\"vcard\" style=\"display: none;\"><span class=\"fn\"><a href=\"https:\/\/fr.motocrossmag.be\/index.php\/author\/oliviere\/\" title=\"Articles par oliviere\" rel=\"author\">oliviere<\/a><\/span><\/span><span class=\"updated\" style=\"display:none;\">2026-04-27T16:19:39+02:00<\/span><span>27 avril 2026<\/span><span class=\"fusion-inline-sep\">|<\/span><\/p><\/div><\/div><div class=\"fusion-clearfix\"><\/div><\/div>\n<\/article>\n<article id=\"blog-2-post-155557\" class=\"fusion-post-grid post-155557 post type-post status-publish format-standard has-post-thumbnail hentry category-actualite category-interviews-actualite category-motocross category-sx-us category-news category-news-actualite category-slideshow tag-ken-roczen tag-supercross\">\n<div class=\"fusion-post-wrapper\" style=\"background-color:rgba(255,255,255,0);border:none;\">\n\n\t\t\t<div class=\"fusion-flexslider flexslider fusion-flexslider-loading fusion-post-slideshow\" style=\"border-color:rgba(255,255,255,0);\">\n\t\t<ul class=\"slides\">\n\t\t\t\n\t\t\t\t\t\t\t\t\t\t\t\t\t\t<li><div  class=\"fusion-image-wrapper\" aria-haspopup=\"true\">\n\t\t\t\t<img decoding=\"async\" width=\"1200\" height=\"800\" src=\"https:\/\/fr.motocrossmag.be\/wp-content\/uploads\/2026\/04\/supercross-podium.jpeg\" class=\"attachment-full size-full lazyload wp-post-image\" alt=\"\" srcset=\"data:image\/svg+xml,%3Csvg%20xmlns%3D%27http%3A%2F%2Fwww.w3.org%2F2000%2Fsvg%27%20width%3D%271200%27%20height%3D%27800%27%20viewBox%3D%270%200%201200%20800%27%3E%3Crect%20width%3D%271200%27%20height%3D%27800%27%20fill-opacity%3D%220%22%2F%3E%3C%2Fsvg%3E\" data-orig-src=\"https:\/\/fr.motocrossmag.be\/wp-content\/uploads\/2026\/04\/supercross-podium.jpeg\" data-srcset=\"https:\/\/fr.motocrossmag.be\/wp-content\/uploads\/2026\/04\/supercross-podium-200x133.jpeg 200w, https:\/\/fr.motocrossmag.be\/wp-content\/uploads\/2026\/04\/supercross-podium-400x267.jpeg 400w, https:\/\/fr.motocrossmag.be\/wp-content\/uploads\/2026\/04\/supercross-podium-600x400.jpeg 600w, https:\/\/fr.motocrossmag.be\/wp-content\/uploads\/2026\/04\/supercross-podium-800x533.jpeg 800w, https:\/\/fr.motocrossmag.be\/wp-content\/uploads\/2026\/04\/supercross-podium.jpeg 1200w\" data-sizes=\"auto\" \/><div class=\"fusion-rollover\">\n\t<div class=\"fusion-rollover-content\">\n\n\t\t\t\t\n\t\t\n\t\t\t\t\t\t\t\t\n\t\t\t\t\t\t\t\t\n\t\t\n\t\t\t\t\t\t<a class=\"fusion-link-wrapper\" href=\"https:\/\/fr.motocrossmag.be\/index.php\/2026\/04\/ken-roczen-en-tete-du-championnat-us-de-supercross-le-travail-paie\/\" aria-label=\"Ken Roczen en t\u00eate du championnat US de Supercross : \u00ab\u00a0Le travail paie !\u00a0\u00bb\"><\/a>\n\t<\/div>\n<\/div>\n<\/div>\n<\/li>\n\t\t\t\n\t\t\t\n\t\t\t\t\t\t\t\t\t\t\t\t\t\t\t\t\t\t\t\t\t\t\t\t\t\t\t\t\t\t\t\t\t\t\t\t\t\t\t\t\t\t\t\t\t\t\t\t\t\t\t\t\t\t\t\t\t\t\t\t\t\t\t\t\t\t\t\t<\/ul>\n\t<\/div>\n\t<div class=\"fusion-post-content-wrapper\" style=\"padding:30px 25px 25px 25px;\"><div class=\"fusion-post-content post-content\"><h2 class=\"blog-shortcode-post-title entry-title\"><a href=\"https:\/\/fr.motocrossmag.be\/index.php\/2026\/04\/ken-roczen-en-tete-du-championnat-us-de-supercross-le-travail-paie\/\">Ken Roczen en t\u00eate du championnat US de Supercross : \u00ab\u00a0Le travail paie !\u00a0\u00bb<\/a><\/h2><p class=\"fusion-single-line-meta\"><span class=\"vcard\" style=\"display: none;\"><span class=\"fn\"><a href=\"https:\/\/fr.motocrossmag.be\/index.php\/author\/oliviere\/\" title=\"Articles par oliviere\" rel=\"author\">oliviere<\/a><\/span><\/span><span class=\"updated\" style=\"display:none;\">2026-04-27T11:15:11+02:00<\/span><span>27 avril 2026<\/span><span class=\"fusion-inline-sep\">|<\/span><\/p><\/div><\/div><div class=\"fusion-clearfix\"><\/div><\/div>\n<\/article>\n<div class=\"fusion-clearfix\"><\/div><\/div><\/div><div class=\"fusion-builder-row fusion-builder-row-inner fusion-row fusion-flex-align-items-flex-start fusion-flex-content-wrap\" style=\"width:104% !important;max-width:104% !important;margin-left: calc(-4% \/ 2 );margin-right: calc(-4% \/ 2 );\"><div class=\"fusion-layout-column fusion_builder_column_inner fusion-builder-nested-column-2 fusion_builder_column_inner_1_1 1_1 fusion-flex-column\" style=\"--awb-bg-size:cover;--awb-width-large:100%;--awb-margin-top-large:0px;--awb-spacing-right-large:1.92%;--awb-margin-bottom-large:20px;--awb-spacing-left-large:1.92%;--awb-width-medium:100%;--awb-order-medium:0;--awb-spacing-right-medium:1.92%;--awb-spacing-left-medium:1.92%;--awb-width-small:100%;--awb-order-small:0;--awb-spacing-right-small:1.92%;--awb-spacing-left-small:1.92%;\" data-scroll-devices=\"small-visibility,medium-visibility,large-visibility\"><div class=\"fusion-column-wrapper fusion-column-has-shadow fusion-flex-justify-content-flex-start fusion-content-layout-column\"><div style=\"margin:auto\" id=\"div-gpt-ad-1476636178508-0\">\n<script>\ngoogletag.cmd.push(function() { googletag.display('div-gpt-ad-1476636178508-0'); });\n<\/script>\n<\/div><\/div><\/div><\/div><div class=\"fusion-builder-row fusion-builder-row-inner fusion-row fusion-flex-align-items-flex-start fusion-flex-content-wrap\" style=\"width:104% !important;max-width:104% !important;margin-left: calc(-4% \/ 2 );margin-right: calc(-4% \/ 2 );\"><\/div><div class=\"fusion-blog-shortcode fusion-blog-shortcode-3 fusion-blog-archive fusion-blog-layout-grid-wrapper fusion-blog-infinite\" style=\"margin-top:60px;--awb-title-font-size:22px;\"><style type=\"text\/css\">.fusion-blog-shortcode-3 .fusion-blog-layout-grid .fusion-post-grid{padding:15px;}.fusion-blog-shortcode-3 .fusion-posts-container{margin-left: -15px !important; margin-right:-15px !important;}<\/style><div class=\"fusion-posts-container fusion-posts-container-infinite fusion-posts-container-load-more fusion-blog-rollover fusion-blog-layout-grid fusion-blog-layout-grid-3 isotope fusion-blog-equal-heights\" data-pages=\"1605\" data-grid-col-space=\"30\" style=\"margin: -15px -15px 0;min-height:500px;\"><article id=\"blog-3-post-155553\" class=\"fusion-post-grid post-155553 post type-post status-publish format-standard has-post-thumbnail hentry category-actualite category-interviews category-interviews-actualite category-motocross category-news category-news-actualite category-slideshow tag-motocross tag-simon-laengenfelder\">\n<div class=\"fusion-post-wrapper\" style=\"background-color:rgba(255,255,255,0);border:none;\">\n\n\t\t\t<div class=\"fusion-flexslider flexslider fusion-flexslider-loading fusion-post-slideshow\" style=\"border-color:rgba(255,255,255,0);\">\n\t\t<ul class=\"slides\">\n\t\t\t\n\t\t\t\t\t\t\t\t\t\t\t\t\t\t<li><div  class=\"fusion-image-wrapper\" aria-haspopup=\"true\">\n\t\t\t\t<img decoding=\"async\" width=\"1200\" height=\"800\" src=\"https:\/\/fr.motocrossmag.be\/wp-content\/uploads\/2026\/04\/58cfc13566cbe46eab7c46f01c91d01e_zadume.webp\" class=\"attachment-full size-full lazyload wp-post-image\" alt=\"\" srcset=\"data:image\/svg+xml,%3Csvg%20xmlns%3D%27http%3A%2F%2Fwww.w3.org%2F2000%2Fsvg%27%20width%3D%271200%27%20height%3D%27800%27%20viewBox%3D%270%200%201200%20800%27%3E%3Crect%20width%3D%271200%27%20height%3D%27800%27%20fill-opacity%3D%220%22%2F%3E%3C%2Fsvg%3E\" data-orig-src=\"https:\/\/fr.motocrossmag.be\/wp-content\/uploads\/2026\/04\/58cfc13566cbe46eab7c46f01c91d01e_zadume.webp\" data-srcset=\"https:\/\/fr.motocrossmag.be\/wp-content\/uploads\/2026\/04\/58cfc13566cbe46eab7c46f01c91d01e_zadume-200x133.webp 200w, https:\/\/fr.motocrossmag.be\/wp-content\/uploads\/2026\/04\/58cfc13566cbe46eab7c46f01c91d01e_zadume-400x267.webp 400w, https:\/\/fr.motocrossmag.be\/wp-content\/uploads\/2026\/04\/58cfc13566cbe46eab7c46f01c91d01e_zadume-600x400.webp 600w, https:\/\/fr.motocrossmag.be\/wp-content\/uploads\/2026\/04\/58cfc13566cbe46eab7c46f01c91d01e_zadume-650x433.webp 650w, https:\/\/fr.motocrossmag.be\/wp-content\/uploads\/2026\/04\/58cfc13566cbe46eab7c46f01c91d01e_zadume-768x512.webp 768w, https:\/\/fr.motocrossmag.be\/wp-content\/uploads\/2026\/04\/58cfc13566cbe46eab7c46f01c91d01e_zadume-800x533.webp 800w, https:\/\/fr.motocrossmag.be\/wp-content\/uploads\/2026\/04\/58cfc13566cbe46eab7c46f01c91d01e_zadume-1024x683.webp 1024w, https:\/\/fr.motocrossmag.be\/wp-content\/uploads\/2026\/04\/58cfc13566cbe46eab7c46f01c91d01e_zadume.webp 1200w\" data-sizes=\"auto\" \/><div class=\"fusion-rollover\">\n\t<div class=\"fusion-rollover-content\">\n\n\t\t\t\t\n\t\t\n\t\t\t\t\t\t\t\t\n\t\t\t\t\t\t\t\t\n\t\t\n\t\t\t\t\t\t<a class=\"fusion-link-wrapper\" href=\"https:\/\/fr.motocrossmag.be\/index.php\/2026\/04\/simon-langenfelder-en-450-sur-le-championnat-adac-mx-master-une-bonne-maniere-de-rester-dans-le-rythme\/\" aria-label=\"Simon L\u00e4ngenfelder en 450 sur le championnat ADAC MX Master : \u00ab Une bonne mani\u00e8re de rester dans le rythme \u00bb\"><\/a>\n\t<\/div>\n<\/div>\n<\/div>\n<\/li>\n\t\t\t\n\t\t\t\n\t\t\t\t\t\t\t\t\t\t\t\t\t\t\t\t\t\t\t\t\t\t\t\t\t\t\t\t\t\t\t\t\t\t\t\t\t\t\t\t\t\t\t\t\t\t\t\t\t\t\t\t\t\t\t\t\t\t\t\t\t\t\t\t\t\t\t\t<\/ul>\n\t<\/div>\n\t<div class=\"fusion-post-content-wrapper\" style=\"padding:30px 25px 25px 25px;\"><div class=\"fusion-post-content post-content\"><h2 class=\"blog-shortcode-post-title entry-title\"><a href=\"https:\/\/fr.motocrossmag.be\/index.php\/2026\/04\/simon-langenfelder-en-450-sur-le-championnat-adac-mx-master-une-bonne-maniere-de-rester-dans-le-rythme\/\">Simon L\u00e4ngenfelder en 450 sur le championnat ADAC MX Master : \u00ab Une bonne mani\u00e8re de rester dans le rythme \u00bb<\/a><\/h2><p class=\"fusion-single-line-meta\"><span class=\"vcard\" style=\"display: none;\"><span class=\"fn\"><a href=\"https:\/\/fr.motocrossmag.be\/index.php\/author\/oliviere\/\" title=\"Articles par oliviere\" rel=\"author\">oliviere<\/a><\/span><\/span><span class=\"updated\" style=\"display:none;\">2026-04-27T11:04:43+02:00<\/span><span>27 avril 2026<\/span><span class=\"fusion-inline-sep\">|<\/span><\/p><\/div><\/div><div class=\"fusion-clearfix\"><\/div><\/div>\n<\/article>\n<article id=\"blog-3-post-155551\" class=\"fusion-post-grid post-155551 post type-post status-publish format-standard has-post-thumbnail hentry category-actualite category-amateurs category-ampl category-motocross category-news category-news-actualite category-resultats category-slideshow tag-ampl tag-lierneux tag-motocross\">\n<div class=\"fusion-post-wrapper\" style=\"background-color:rgba(255,255,255,0);border:none;\">\n\n\t\t\t<div class=\"fusion-flexslider flexslider fusion-flexslider-loading fusion-post-slideshow\" style=\"border-color:rgba(255,255,255,0);\">\n\t\t<ul class=\"slides\">\n\t\t\t\n\t\t\t\t\t\t\t\t\t\t\t\t\t\t<li><div  class=\"fusion-image-wrapper\" aria-haspopup=\"true\">\n\t\t\t\t<img decoding=\"async\" width=\"1200\" height=\"714\" src=\"https:\/\/fr.motocrossmag.be\/wp-content\/uploads\/2026\/04\/lierneux-circuit-ampl.jpg\" class=\"attachment-full size-full lazyload wp-post-image\" alt=\"\" srcset=\"data:image\/svg+xml,%3Csvg%20xmlns%3D%27http%3A%2F%2Fwww.w3.org%2F2000%2Fsvg%27%20width%3D%271200%27%20height%3D%27714%27%20viewBox%3D%270%200%201200%20714%27%3E%3Crect%20width%3D%271200%27%20height%3D%27714%27%20fill-opacity%3D%220%22%2F%3E%3C%2Fsvg%3E\" data-orig-src=\"https:\/\/fr.motocrossmag.be\/wp-content\/uploads\/2026\/04\/lierneux-circuit-ampl.jpg\" data-srcset=\"https:\/\/fr.motocrossmag.be\/wp-content\/uploads\/2026\/04\/lierneux-circuit-ampl-200x119.jpg 200w, https:\/\/fr.motocrossmag.be\/wp-content\/uploads\/2026\/04\/lierneux-circuit-ampl-400x238.jpg 400w, https:\/\/fr.motocrossmag.be\/wp-content\/uploads\/2026\/04\/lierneux-circuit-ampl-600x357.jpg 600w, https:\/\/fr.motocrossmag.be\/wp-content\/uploads\/2026\/04\/lierneux-circuit-ampl-800x476.jpg 800w, https:\/\/fr.motocrossmag.be\/wp-content\/uploads\/2026\/04\/lierneux-circuit-ampl.jpg 1200w\" data-sizes=\"auto\" \/><div class=\"fusion-rollover\">\n\t<div class=\"fusion-rollover-content\">\n\n\t\t\t\t\n\t\t\n\t\t\t\t\t\t\t\t\n\t\t\t\t\t\t\t\t\n\t\t\n\t\t\t\t\t\t<a class=\"fusion-link-wrapper\" href=\"https:\/\/fr.motocrossmag.be\/index.php\/2026\/04\/ampl-a-lierneux-les-resultats-du-dimanche\/\" aria-label=\"AMPL \u00e0 Lierneux : les r\u00e9sultats du dimanche\"><\/a>\n\t<\/div>\n<\/div>\n<\/div>\n<\/li>\n\t\t\t\n\t\t\t\n\t\t\t\t\t\t\t\t\t\t\t\t\t\t\t\t\t\t\t\t\t\t\t\t\t\t\t\t\t\t\t\t\t\t\t\t\t\t\t\t\t\t\t\t\t\t\t\t\t\t\t\t\t\t\t\t\t\t\t\t\t\t\t\t\t\t\t\t<\/ul>\n\t<\/div>\n\t<div class=\"fusion-post-content-wrapper\" style=\"padding:30px 25px 25px 25px;\"><div class=\"fusion-post-content post-content\"><h2 class=\"blog-shortcode-post-title entry-title\"><a href=\"https:\/\/fr.motocrossmag.be\/index.php\/2026\/04\/ampl-a-lierneux-les-resultats-du-dimanche\/\">AMPL \u00e0 Lierneux : les r\u00e9sultats du dimanche<\/a><\/h2><p class=\"fusion-single-line-meta\"><span class=\"vcard\" style=\"display: none;\"><span class=\"fn\"><a href=\"https:\/\/fr.motocrossmag.be\/index.php\/author\/oliviere\/\" title=\"Articles par oliviere\" rel=\"author\">oliviere<\/a><\/span><\/span><span class=\"updated\" style=\"display:none;\">2026-04-26T20:35:02+02:00<\/span><span>26 avril 2026<\/span><span class=\"fusion-inline-sep\">|<\/span><\/p><\/div><\/div><div class=\"fusion-clearfix\"><\/div><\/div>\n<\/article>\n<article id=\"blog-3-post-155542\" class=\"fusion-post-grid post-155542 post type-post status-publish format-standard has-post-thumbnail hentry category-actualite category-motocross category-sx-us category-news category-news-actualite category-resultats category-slideshow tag-ken-roczen tag-philadelphie tag-supercross\">\n<div class=\"fusion-post-wrapper\" style=\"background-color:rgba(255,255,255,0);border:none;\">\n\n\t\t\t<div class=\"fusion-flexslider flexslider fusion-flexslider-loading fusion-post-slideshow\" style=\"border-color:rgba(255,255,255,0);\">\n\t\t<ul class=\"slides\">\n\t\t\t\n\t\t\t\t\t\t\t\t\t\t\t\t\t\t<li><div  class=\"fusion-image-wrapper\" aria-haspopup=\"true\">\n\t\t\t\t<img decoding=\"async\" width=\"1200\" height=\"800\" src=\"https:\/\/fr.motocrossmag.be\/wp-content\/uploads\/2026\/04\/AL6_7870B.jpg\" class=\"attachment-full size-full lazyload wp-post-image\" alt=\"\" srcset=\"data:image\/svg+xml,%3Csvg%20xmlns%3D%27http%3A%2F%2Fwww.w3.org%2F2000%2Fsvg%27%20width%3D%271200%27%20height%3D%27800%27%20viewBox%3D%270%200%201200%20800%27%3E%3Crect%20width%3D%271200%27%20height%3D%27800%27%20fill-opacity%3D%220%22%2F%3E%3C%2Fsvg%3E\" data-orig-src=\"https:\/\/fr.motocrossmag.be\/wp-content\/uploads\/2026\/04\/AL6_7870B.jpg\" data-srcset=\"https:\/\/fr.motocrossmag.be\/wp-content\/uploads\/2026\/04\/AL6_7870B-200x133.jpg 200w, https:\/\/fr.motocrossmag.be\/wp-content\/uploads\/2026\/04\/AL6_7870B-400x267.jpg 400w, https:\/\/fr.motocrossmag.be\/wp-content\/uploads\/2026\/04\/AL6_7870B-600x400.jpg 600w, https:\/\/fr.motocrossmag.be\/wp-content\/uploads\/2026\/04\/AL6_7870B-800x533.jpg 800w, https:\/\/fr.motocrossmag.be\/wp-content\/uploads\/2026\/04\/AL6_7870B.jpg 1200w\" data-sizes=\"auto\" \/><div class=\"fusion-rollover\">\n\t<div class=\"fusion-rollover-content\">\n\n\t\t\t\t\n\t\t\n\t\t\t\t\t\t\t\t\n\t\t\t\t\t\t\t\t\n\t\t\n\t\t\t\t\t\t<a class=\"fusion-link-wrapper\" href=\"https:\/\/fr.motocrossmag.be\/index.php\/2026\/04\/roczen-prend-le-pouvoir-a-philadelphia-davies-sacre-en-250sx-east\/\" aria-label=\"Roczen prend le pouvoir \u00e0 Philadelphia, Davies sacr\u00e9 en 250SX East\"><\/a>\n\t<\/div>\n<\/div>\n<\/div>\n<\/li>\n\t\t\t\n\t\t\t\n\t\t\t\t\t\t\t\t\t\t\t\t\t\t\t\t\t\t\t\t\t\t\t\t\t\t\t\t\t\t\t\t\t\t\t\t\t\t\t\t\t\t\t\t\t\t\t\t\t\t\t\t\t\t\t\t\t\t\t\t\t\t\t\t\t\t\t\t<\/ul>\n\t<\/div>\n\t<div class=\"fusion-post-content-wrapper\" style=\"padding:30px 25px 25px 25px;\"><div class=\"fusion-post-content post-content\"><h2 class=\"blog-shortcode-post-title entry-title\"><a href=\"https:\/\/fr.motocrossmag.be\/index.php\/2026\/04\/roczen-prend-le-pouvoir-a-philadelphia-davies-sacre-en-250sx-east\/\">Roczen prend le pouvoir \u00e0 Philadelphia, Davies sacr\u00e9 en 250SX East<\/a><\/h2><p class=\"fusion-single-line-meta\"><span class=\"vcard\" style=\"display: none;\"><span class=\"fn\"><a href=\"https:\/\/fr.motocrossmag.be\/index.php\/author\/oliviere\/\" title=\"Articles par oliviere\" rel=\"author\">oliviere<\/a><\/span><\/span><span class=\"updated\" style=\"display:none;\">2026-04-26T09:50:53+02:00<\/span><span>26 avril 2026<\/span><span class=\"fusion-inline-sep\">|<\/span><\/p><\/div><\/div><div class=\"fusion-clearfix\"><\/div><\/div>\n<\/article>\n<article id=\"blog-3-post-155533\" class=\"fusion-post-grid post-155533 post type-post status-publish format-standard has-post-thumbnail hentry category-actualite category-amateurs category-ampl category-kids category-motocross category-news category-news-kids category-news-actualite category-resultats category-slideshow tag-amandine-verstappen tag-ampl tag-lierneux tag-motocross\">\n<div class=\"fusion-post-wrapper\" style=\"background-color:rgba(255,255,255,0);border:none;\">\n\n\t\t\t<div class=\"fusion-flexslider flexslider fusion-flexslider-loading fusion-post-slideshow\" style=\"border-color:rgba(255,255,255,0);\">\n\t\t<ul class=\"slides\">\n\t\t\t\n\t\t\t\t\t\t\t\t\t\t\t\t\t\t<li><div  class=\"fusion-image-wrapper\" aria-haspopup=\"true\">\n\t\t\t\t<img decoding=\"async\" width=\"1190\" height=\"748\" src=\"https:\/\/fr.motocrossmag.be\/wp-content\/uploads\/2026\/04\/lierneux-circuit-ampl-2.jpg\" class=\"attachment-full size-full lazyload wp-post-image\" alt=\"\" srcset=\"data:image\/svg+xml,%3Csvg%20xmlns%3D%27http%3A%2F%2Fwww.w3.org%2F2000%2Fsvg%27%20width%3D%271190%27%20height%3D%27748%27%20viewBox%3D%270%200%201190%20748%27%3E%3Crect%20width%3D%271190%27%20height%3D%27748%27%20fill-opacity%3D%220%22%2F%3E%3C%2Fsvg%3E\" data-orig-src=\"https:\/\/fr.motocrossmag.be\/wp-content\/uploads\/2026\/04\/lierneux-circuit-ampl-2.jpg\" data-srcset=\"https:\/\/fr.motocrossmag.be\/wp-content\/uploads\/2026\/04\/lierneux-circuit-ampl-2-200x126.jpg 200w, https:\/\/fr.motocrossmag.be\/wp-content\/uploads\/2026\/04\/lierneux-circuit-ampl-2-400x251.jpg 400w, https:\/\/fr.motocrossmag.be\/wp-content\/uploads\/2026\/04\/lierneux-circuit-ampl-2-600x377.jpg 600w, https:\/\/fr.motocrossmag.be\/wp-content\/uploads\/2026\/04\/lierneux-circuit-ampl-2-800x503.jpg 800w, https:\/\/fr.motocrossmag.be\/wp-content\/uploads\/2026\/04\/lierneux-circuit-ampl-2.jpg 1190w\" data-sizes=\"auto\" \/><div class=\"fusion-rollover\">\n\t<div class=\"fusion-rollover-content\">\n\n\t\t\t\t\n\t\t\n\t\t\t\t\t\t\t\t\n\t\t\t\t\t\t\t\t\n\t\t\n\t\t\t\t\t\t<a class=\"fusion-link-wrapper\" href=\"https:\/\/fr.motocrossmag.be\/index.php\/2026\/04\/ampl-a-lierneux-les-resultats-du-samedi\/\" aria-label=\"AMPL \u00e0 Lierneux : les r\u00e9sultats du samedi\"><\/a>\n\t<\/div>\n<\/div>\n<\/div>\n<\/li>\n\t\t\t\n\t\t\t\n\t\t\t\t\t\t\t\t\t\t\t\t\t\t\t\t\t\t\t\t\t\t\t\t\t\t\t\t\t\t\t\t\t\t\t\t\t\t\t\t\t\t\t\t\t\t\t\t\t\t\t\t\t\t\t\t\t\t\t\t\t\t\t\t\t\t\t\t<\/ul>\n\t<\/div>\n\t<div class=\"fusion-post-content-wrapper\" style=\"padding:30px 25px 25px 25px;\"><div class=\"fusion-post-content post-content\"><h2 class=\"blog-shortcode-post-title entry-title\"><a href=\"https:\/\/fr.motocrossmag.be\/index.php\/2026\/04\/ampl-a-lierneux-les-resultats-du-samedi\/\">AMPL \u00e0 Lierneux : les r\u00e9sultats du samedi<\/a><\/h2><p class=\"fusion-single-line-meta\"><span class=\"vcard\" style=\"display: none;\"><span class=\"fn\"><a href=\"https:\/\/fr.motocrossmag.be\/index.php\/author\/oliviere\/\" title=\"Articles par oliviere\" rel=\"author\">oliviere<\/a><\/span><\/span><span class=\"updated\" style=\"display:none;\">2026-04-26T09:30:39+02:00<\/span><span>26 avril 2026<\/span><span class=\"fusion-inline-sep\">|<\/span><\/p><\/div><\/div><div class=\"fusion-clearfix\"><\/div><\/div>\n<\/article>\n<article id=\"blog-3-post-155534\" class=\"fusion-post-grid post-155534 post type-post status-publish format-standard has-post-thumbnail hentry category-actualite category-kids category-motocross category-news category-news-kids category-news-actualite category-resultats category-slideshow tag-24mx-tour tag-motocross tag-romagne\">\n<div class=\"fusion-post-wrapper\" style=\"background-color:rgba(255,255,255,0);border:none;\">\n\n\t\t\t<div class=\"fusion-flexslider flexslider fusion-flexslider-loading fusion-post-slideshow\" style=\"border-color:rgba(255,255,255,0);\">\n\t\t<ul class=\"slides\">\n\t\t\t\n\t\t\t\t\t\t\t\t\t\t\t\t\t\t<li><div  class=\"fusion-image-wrapper\" aria-haspopup=\"true\">\n\t\t\t\t<img decoding=\"async\" width=\"1200\" height=\"800\" src=\"https:\/\/fr.motocrossmag.be\/wp-content\/uploads\/2026\/04\/townley-jaggar.jpeg\" class=\"attachment-full size-full lazyload wp-post-image\" alt=\"\" srcset=\"data:image\/svg+xml,%3Csvg%20xmlns%3D%27http%3A%2F%2Fwww.w3.org%2F2000%2Fsvg%27%20width%3D%271200%27%20height%3D%27800%27%20viewBox%3D%270%200%201200%20800%27%3E%3Crect%20width%3D%271200%27%20height%3D%27800%27%20fill-opacity%3D%220%22%2F%3E%3C%2Fsvg%3E\" data-orig-src=\"https:\/\/fr.motocrossmag.be\/wp-content\/uploads\/2026\/04\/townley-jaggar.jpeg\" data-srcset=\"https:\/\/fr.motocrossmag.be\/wp-content\/uploads\/2026\/04\/townley-jaggar-200x133.jpeg 200w, https:\/\/fr.motocrossmag.be\/wp-content\/uploads\/2026\/04\/townley-jaggar-400x267.jpeg 400w, https:\/\/fr.motocrossmag.be\/wp-content\/uploads\/2026\/04\/townley-jaggar-600x400.jpeg 600w, https:\/\/fr.motocrossmag.be\/wp-content\/uploads\/2026\/04\/townley-jaggar-800x533.jpeg 800w, https:\/\/fr.motocrossmag.be\/wp-content\/uploads\/2026\/04\/townley-jaggar.jpeg 1200w\" data-sizes=\"auto\" \/><div class=\"fusion-rollover\">\n\t<div class=\"fusion-rollover-content\">\n\n\t\t\t\t\n\t\t\n\t\t\t\t\t\t\t\t\n\t\t\t\t\t\t\t\t\n\t\t\n\t\t\t\t\t\t<a class=\"fusion-link-wrapper\" href=\"https:\/\/fr.motocrossmag.be\/index.php\/2026\/04\/jaggar-townley-brille-a-romagne\/\" aria-label=\"Jaggar Townley brille \u00e0 Romagn\u00e9\"><\/a>\n\t<\/div>\n<\/div>\n<\/div>\n<\/li>\n\t\t\t\n\t\t\t\n\t\t\t\t\t\t\t\t\t\t\t\t\t\t\t\t\t\t\t\t\t\t\t\t\t\t\t\t\t\t\t\t\t\t\t\t\t\t\t\t\t\t\t\t\t\t\t\t\t\t\t\t\t\t\t\t\t\t\t\t\t\t\t\t\t\t\t\t<\/ul>\n\t<\/div>\n\t<div class=\"fusion-post-content-wrapper\" style=\"padding:30px 25px 25px 25px;\"><div class=\"fusion-post-content post-content\"><h2 class=\"blog-shortcode-post-title entry-title\"><a href=\"https:\/\/fr.motocrossmag.be\/index.php\/2026\/04\/jaggar-townley-brille-a-romagne\/\">Jaggar Townley brille \u00e0 Romagn\u00e9<\/a><\/h2><p class=\"fusion-single-line-meta\"><span class=\"vcard\" style=\"display: none;\"><span class=\"fn\"><a href=\"https:\/\/fr.motocrossmag.be\/index.php\/author\/oliviere\/\" title=\"Articles par oliviere\" rel=\"author\">oliviere<\/a><\/span><\/span><span class=\"updated\" style=\"display:none;\">2026-04-26T09:20:11+02:00<\/span><span>26 avril 2026<\/span><span class=\"fusion-inline-sep\">|<\/span><\/p><\/div><\/div><div class=\"fusion-clearfix\"><\/div><\/div>\n<\/article>\n<article id=\"blog-3-post-155529\" class=\"fusion-post-grid post-155529 post type-post status-publish format-standard has-post-thumbnail hentry category-actualite category-enduro category-industrie category-motocross category-news category-news-enduro category-news-actualite category-slideshow tag-enduro tag-fantic tag-motocross\">\n<div class=\"fusion-post-wrapper\" style=\"background-color:rgba(255,255,255,0);border:none;\">\n\n\t\t\t<div class=\"fusion-flexslider flexslider fusion-flexslider-loading fusion-post-slideshow\" style=\"border-color:rgba(255,255,255,0);\">\n\t\t<ul class=\"slides\">\n\t\t\t\n\t\t\t\t\t\t\t\t\t\t\t\t\t\t<li><div  class=\"fusion-image-wrapper\" aria-haspopup=\"true\">\n\t\t\t\t<img decoding=\"async\" width=\"1200\" height=\"629\" src=\"https:\/\/fr.motocrossmag.be\/wp-content\/uploads\/2026\/04\/Fantic-parts-2-.jpg\" class=\"attachment-full size-full lazyload wp-post-image\" alt=\"\" srcset=\"data:image\/svg+xml,%3Csvg%20xmlns%3D%27http%3A%2F%2Fwww.w3.org%2F2000%2Fsvg%27%20width%3D%271200%27%20height%3D%27629%27%20viewBox%3D%270%200%201200%20629%27%3E%3Crect%20width%3D%271200%27%20height%3D%27629%27%20fill-opacity%3D%220%22%2F%3E%3C%2Fsvg%3E\" data-orig-src=\"https:\/\/fr.motocrossmag.be\/wp-content\/uploads\/2026\/04\/Fantic-parts-2-.jpg\" data-srcset=\"https:\/\/fr.motocrossmag.be\/wp-content\/uploads\/2026\/04\/Fantic-parts-2--200x105.jpg 200w, https:\/\/fr.motocrossmag.be\/wp-content\/uploads\/2026\/04\/Fantic-parts-2--400x210.jpg 400w, https:\/\/fr.motocrossmag.be\/wp-content\/uploads\/2026\/04\/Fantic-parts-2--600x315.jpg 600w, https:\/\/fr.motocrossmag.be\/wp-content\/uploads\/2026\/04\/Fantic-parts-2--800x419.jpg 800w, https:\/\/fr.motocrossmag.be\/wp-content\/uploads\/2026\/04\/Fantic-parts-2-.jpg 1200w\" data-sizes=\"auto\" \/><div class=\"fusion-rollover\">\n\t<div class=\"fusion-rollover-content\">\n\n\t\t\t\t\n\t\t\n\t\t\t\t\t\t\t\t\n\t\t\t\t\t\t\t\t\n\t\t\n\t\t\t\t\t\t<a class=\"fusion-link-wrapper\" href=\"https:\/\/fr.motocrossmag.be\/index.php\/2026\/04\/femon-parts-lance-la-plateforme-fantic-parts-eu-pour-les-pilotes-de-motocross-et-denduro\/\" aria-label=\"Femon Parts lance\u00a0la plateforme Fantic-Parts.eu\u00a0pour les pilotes de motocross et d&rsquo;enduro\"><\/a>\n\t<\/div>\n<\/div>\n<\/div>\n<\/li>\n\t\t\t\n\t\t\t\n\t\t\t\t\t\t\t\t\t\t\t\t\t\t\t\t\t\t\t\t\t\t\t\t\t\t\t\t\t\t\t\t\t\t\t\t\t\t\t\t\t\t\t\t\t\t\t\t\t\t\t\t\t\t\t\t\t\t\t\t\t\t\t\t\t\t\t\t<\/ul>\n\t<\/div>\n\t<div class=\"fusion-post-content-wrapper\" style=\"padding:30px 25px 25px 25px;\"><div class=\"fusion-post-content post-content\"><h2 class=\"blog-shortcode-post-title entry-title\"><a href=\"https:\/\/fr.motocrossmag.be\/index.php\/2026\/04\/femon-parts-lance-la-plateforme-fantic-parts-eu-pour-les-pilotes-de-motocross-et-denduro\/\">Femon Parts lance\u00a0la plateforme Fantic-Parts.eu\u00a0pour les pilotes de motocross et d&rsquo;enduro<\/a><\/h2><p class=\"fusion-single-line-meta\"><span class=\"vcard\" style=\"display: none;\"><span class=\"fn\"><a href=\"https:\/\/fr.motocrossmag.be\/index.php\/author\/oliviere\/\" title=\"Articles par oliviere\" rel=\"author\">oliviere<\/a><\/span><\/span><span class=\"updated\" style=\"display:none;\">2026-04-24T16:23:28+02:00<\/span><span>24 avril 2026<\/span><span class=\"fusion-inline-sep\">|<\/span><\/p><\/div><\/div><div class=\"fusion-clearfix\"><\/div><\/div>\n<\/article>\n<article id=\"blog-3-post-155526\" class=\"fusion-post-grid post-155526 post type-post status-publish format-standard has-post-thumbnail hentry category-actualite category-amateurs category-ampl category-calendriers category-motocross category-news category-news-actualite category-slideshow tag-ampl tag-lierneux tag-motocross\">\n<div class=\"fusion-post-wrapper\" style=\"background-color:rgba(255,255,255,0);border:none;\">\n\n\t\t\t<div class=\"fusion-flexslider flexslider fusion-flexslider-loading fusion-post-slideshow\" style=\"border-color:rgba(255,255,255,0);\">\n\t\t<ul class=\"slides\">\n\t\t\t\n\t\t\t\t\t\t\t\t\t\t\t\t\t\t<li><div  class=\"fusion-image-wrapper\" aria-haspopup=\"true\">\n\t\t\t\t<img decoding=\"async\" width=\"1200\" height=\"714\" src=\"https:\/\/fr.motocrossmag.be\/wp-content\/uploads\/2026\/04\/lierneux-circuit-ampl.jpg\" class=\"attachment-full size-full lazyload wp-post-image\" alt=\"\" srcset=\"data:image\/svg+xml,%3Csvg%20xmlns%3D%27http%3A%2F%2Fwww.w3.org%2F2000%2Fsvg%27%20width%3D%271200%27%20height%3D%27714%27%20viewBox%3D%270%200%201200%20714%27%3E%3Crect%20width%3D%271200%27%20height%3D%27714%27%20fill-opacity%3D%220%22%2F%3E%3C%2Fsvg%3E\" data-orig-src=\"https:\/\/fr.motocrossmag.be\/wp-content\/uploads\/2026\/04\/lierneux-circuit-ampl.jpg\" data-srcset=\"https:\/\/fr.motocrossmag.be\/wp-content\/uploads\/2026\/04\/lierneux-circuit-ampl-200x119.jpg 200w, https:\/\/fr.motocrossmag.be\/wp-content\/uploads\/2026\/04\/lierneux-circuit-ampl-400x238.jpg 400w, https:\/\/fr.motocrossmag.be\/wp-content\/uploads\/2026\/04\/lierneux-circuit-ampl-600x357.jpg 600w, https:\/\/fr.motocrossmag.be\/wp-content\/uploads\/2026\/04\/lierneux-circuit-ampl-800x476.jpg 800w, https:\/\/fr.motocrossmag.be\/wp-content\/uploads\/2026\/04\/lierneux-circuit-ampl.jpg 1200w\" data-sizes=\"auto\" \/><div class=\"fusion-rollover\">\n\t<div class=\"fusion-rollover-content\">\n\n\t\t\t\t\n\t\t\n\t\t\t\t\t\t\t\t\n\t\t\t\t\t\t\t\t\n\t\t\n\t\t\t\t\t\t<a class=\"fusion-link-wrapper\" href=\"https:\/\/fr.motocrossmag.be\/index.php\/2026\/04\/ampl-rendez-vous-a-lierneux\/\" aria-label=\"AMPL: rendez-vous \u00e0 Lierneux !\"><\/a>\n\t<\/div>\n<\/div>\n<\/div>\n<\/li>\n\t\t\t\n\t\t\t\n\t\t\t\t\t\t\t\t\t\t\t\t\t\t\t\t\t\t\t\t\t\t\t\t\t\t\t\t\t\t\t\t\t\t\t\t\t\t\t\t\t\t\t\t\t\t\t\t\t\t\t\t\t\t\t\t\t\t\t\t\t\t\t\t\t\t\t\t<\/ul>\n\t<\/div>\n\t<div class=\"fusion-post-content-wrapper\" style=\"padding:30px 25px 25px 25px;\"><div class=\"fusion-post-content post-content\"><h2 class=\"blog-shortcode-post-title entry-title\"><a href=\"https:\/\/fr.motocrossmag.be\/index.php\/2026\/04\/ampl-rendez-vous-a-lierneux\/\">AMPL: rendez-vous \u00e0 Lierneux !<\/a><\/h2><p class=\"fusion-single-line-meta\"><span class=\"vcard\" style=\"display: none;\"><span class=\"fn\"><a href=\"https:\/\/fr.motocrossmag.be\/index.php\/author\/oliviere\/\" title=\"Articles par oliviere\" rel=\"author\">oliviere<\/a><\/span><\/span><span class=\"updated\" style=\"display:none;\">2026-04-24T16:12:38+02:00<\/span><span>24 avril 2026<\/span><span class=\"fusion-inline-sep\">|<\/span><\/p><\/div><\/div><div class=\"fusion-clearfix\"><\/div><\/div>\n<\/article>\n<article id=\"blog-3-post-155524\" class=\"fusion-post-grid post-155524 post type-post status-publish format-standard has-post-thumbnail hentry category-actualite category-amateurs category-ampl category-calendriers category-kids category-motocross category-news category-news-kids category-news-actualite category-slideshow tag-ampl tag-calendrier tag-motocross\">\n<div class=\"fusion-post-wrapper\" style=\"background-color:rgba(255,255,255,0);border:none;\">\n\n\t\t\t<div class=\"fusion-flexslider flexslider fusion-flexslider-loading fusion-post-slideshow\" style=\"border-color:rgba(255,255,255,0);\">\n\t\t<ul class=\"slides\">\n\t\t\t\n\t\t\t\t\t\t\t\t\t\t\t\t\t\t<li><div  class=\"fusion-image-wrapper\" aria-haspopup=\"true\">\n\t\t\t\t<img decoding=\"async\" width=\"1200\" height=\"800\" src=\"https:\/\/fr.motocrossmag.be\/wp-content\/uploads\/2026\/04\/AMPL-Haid-2026-dim-13.jpg\" class=\"attachment-full size-full lazyload wp-post-image\" alt=\"\" srcset=\"data:image\/svg+xml,%3Csvg%20xmlns%3D%27http%3A%2F%2Fwww.w3.org%2F2000%2Fsvg%27%20width%3D%271200%27%20height%3D%27800%27%20viewBox%3D%270%200%201200%20800%27%3E%3Crect%20width%3D%271200%27%20height%3D%27800%27%20fill-opacity%3D%220%22%2F%3E%3C%2Fsvg%3E\" data-orig-src=\"https:\/\/fr.motocrossmag.be\/wp-content\/uploads\/2026\/04\/AMPL-Haid-2026-dim-13.jpg\" data-srcset=\"https:\/\/fr.motocrossmag.be\/wp-content\/uploads\/2026\/04\/AMPL-Haid-2026-dim-13-200x133.jpg 200w, https:\/\/fr.motocrossmag.be\/wp-content\/uploads\/2026\/04\/AMPL-Haid-2026-dim-13-400x267.jpg 400w, https:\/\/fr.motocrossmag.be\/wp-content\/uploads\/2026\/04\/AMPL-Haid-2026-dim-13-600x400.jpg 600w, https:\/\/fr.motocrossmag.be\/wp-content\/uploads\/2026\/04\/AMPL-Haid-2026-dim-13-800x533.jpg 800w, https:\/\/fr.motocrossmag.be\/wp-content\/uploads\/2026\/04\/AMPL-Haid-2026-dim-13.jpg 1200w\" data-sizes=\"auto\" \/><div class=\"fusion-rollover\">\n\t<div class=\"fusion-rollover-content\">\n\n\t\t\t\t\n\t\t\n\t\t\t\t\t\t\t\t\n\t\t\t\t\t\t\t\t\n\t\t\n\t\t\t\t\t\t<a class=\"fusion-link-wrapper\" href=\"https:\/\/fr.motocrossmag.be\/index.php\/2026\/04\/plusieurs-epreuves-annulees-sur-le-championnat-ampl\/\" aria-label=\"Plusieurs \u00e9preuves annul\u00e9es sur le championnat AMPL\"><\/a>\n\t<\/div>\n<\/div>\n<\/div>\n<\/li>\n\t\t\t\n\t\t\t\n\t\t\t\t\t\t\t\t\t\t\t\t\t\t\t\t\t\t\t\t\t\t\t\t\t\t\t\t\t\t\t\t\t\t\t\t\t\t\t\t\t\t\t\t\t\t\t\t\t\t\t\t\t\t\t\t\t\t\t\t\t\t\t\t\t\t\t\t<\/ul>\n\t<\/div>\n\t<div class=\"fusion-post-content-wrapper\" style=\"padding:30px 25px 25px 25px;\"><div class=\"fusion-post-content post-content\"><h2 class=\"blog-shortcode-post-title entry-title\"><a href=\"https:\/\/fr.motocrossmag.be\/index.php\/2026\/04\/plusieurs-epreuves-annulees-sur-le-championnat-ampl\/\">Plusieurs \u00e9preuves annul\u00e9es sur le championnat AMPL<\/a><\/h2><p class=\"fusion-single-line-meta\"><span class=\"vcard\" style=\"display: none;\"><span class=\"fn\"><a href=\"https:\/\/fr.motocrossmag.be\/index.php\/author\/oliviere\/\" title=\"Articles par oliviere\" rel=\"author\">oliviere<\/a><\/span><\/span><span class=\"updated\" style=\"display:none;\">2026-04-22T15:46:04+02:00<\/span><span>22 avril 2026<\/span><span class=\"fusion-inline-sep\">|<\/span><\/p><\/div><\/div><div class=\"fusion-clearfix\"><\/div><\/div>\n<\/article>\n<article id=\"blog-3-post-155521\" class=\"fusion-post-grid post-155521 post type-post status-publish format-standard has-post-thumbnail hentry category-actualite category-motocross category-mx1mx2 category-news category-news-actualite category-slideshow tag-emx tag-kove tag-motocross tag-mxgp\">\n<div class=\"fusion-post-wrapper\" style=\"background-color:rgba(255,255,255,0);border:none;\">\n\n\t\t\t<div class=\"fusion-flexslider flexslider fusion-flexslider-loading fusion-post-slideshow\" style=\"border-color:rgba(255,255,255,0);\">\n\t\t<ul class=\"slides\">\n\t\t\t\n\t\t\t\t\t\t\t\t\t\t\t\t\t\t<li><div  class=\"fusion-image-wrapper\" aria-haspopup=\"true\">\n\t\t\t\t<img decoding=\"async\" width=\"800\" height=\"534\" src=\"https:\/\/fr.motocrossmag.be\/wp-content\/uploads\/2026\/04\/kove.png\" class=\"attachment-full size-full lazyload wp-post-image\" alt=\"\" srcset=\"data:image\/svg+xml,%3Csvg%20xmlns%3D%27http%3A%2F%2Fwww.w3.org%2F2000%2Fsvg%27%20width%3D%27800%27%20height%3D%27534%27%20viewBox%3D%270%200%20800%20534%27%3E%3Crect%20width%3D%27800%27%20height%3D%27534%27%20fill-opacity%3D%220%22%2F%3E%3C%2Fsvg%3E\" data-orig-src=\"https:\/\/fr.motocrossmag.be\/wp-content\/uploads\/2026\/04\/kove.png\" data-srcset=\"https:\/\/fr.motocrossmag.be\/wp-content\/uploads\/2026\/04\/kove-200x134.png 200w, https:\/\/fr.motocrossmag.be\/wp-content\/uploads\/2026\/04\/kove-400x267.png 400w, https:\/\/fr.motocrossmag.be\/wp-content\/uploads\/2026\/04\/kove-600x401.png 600w, https:\/\/fr.motocrossmag.be\/wp-content\/uploads\/2026\/04\/kove.png 800w\" data-sizes=\"auto\" \/><div class=\"fusion-rollover\">\n\t<div class=\"fusion-rollover-content\">\n\n\t\t\t\t\n\t\t\n\t\t\t\t\t\t\t\t\n\t\t\t\t\t\t\t\t\n\t\t\n\t\t\t\t\t\t<a class=\"fusion-link-wrapper\" href=\"https:\/\/fr.motocrossmag.be\/index.php\/2026\/04\/le-constructeur-chinois-kove-bientot-sur-le-mondial-de-motocross\/\" aria-label=\"Le constructeur chinois Kove bient\u00f4t sur le mondial de motocross ?\"><\/a>\n\t<\/div>\n<\/div>\n<\/div>\n<\/li>\n\t\t\t\n\t\t\t\n\t\t\t\t\t\t\t\t\t\t\t\t\t\t\t\t\t\t\t\t\t\t\t\t\t\t\t\t\t\t\t\t\t\t\t\t\t\t\t\t\t\t\t\t\t\t\t\t\t\t\t\t\t\t\t\t\t\t\t\t\t\t\t\t\t\t\t\t<\/ul>\n\t<\/div>\n\t<div class=\"fusion-post-content-wrapper\" style=\"padding:30px 25px 25px 25px;\"><div class=\"fusion-post-content post-content\"><h2 class=\"blog-shortcode-post-title entry-title\"><a href=\"https:\/\/fr.motocrossmag.be\/index.php\/2026\/04\/le-constructeur-chinois-kove-bientot-sur-le-mondial-de-motocross\/\">Le constructeur chinois Kove bient\u00f4t sur le mondial de motocross ?<\/a><\/h2><p class=\"fusion-single-line-meta\"><span class=\"vcard\" style=\"display: none;\"><span class=\"fn\"><a href=\"https:\/\/fr.motocrossmag.be\/index.php\/author\/oliviere\/\" title=\"Articles par oliviere\" rel=\"author\">oliviere<\/a><\/span><\/span><span class=\"updated\" style=\"display:none;\">2026-04-22T15:07:30+02:00<\/span><span>22 avril 2026<\/span><span class=\"fusion-inline-sep\">|<\/span><\/p><\/div><\/div><div class=\"fusion-clearfix\"><\/div><\/div>\n<\/article>\n<article id=\"blog-3-post-155514\" class=\"fusion-post-grid post-155514 post type-post status-publish format-standard has-post-thumbnail hentry category-actualite category-interviews category-interviews-actualite category-motocross category-mx1mx2 category-news category-news-actualite category-slideshow tag-motocross tag-mxgp tag-romain-febvre tag-trentino\">\n<div class=\"fusion-post-wrapper\" style=\"background-color:rgba(255,255,255,0);border:none;\">\n\n\t\t\t<div class=\"fusion-flexslider flexslider fusion-flexslider-loading fusion-post-slideshow\" style=\"border-color:rgba(255,255,255,0);\">\n\t\t<ul class=\"slides\">\n\t\t\t\n\t\t\t\t\t\t\t\t\t\t\t\t\t\t<li><div  class=\"fusion-image-wrapper\" aria-haspopup=\"true\">\n\t\t\t\t<img decoding=\"async\" width=\"1200\" height=\"800\" src=\"https:\/\/fr.motocrossmag.be\/wp-content\/uploads\/2026\/04\/hi_FEBVRE_GP5_PH_6495.jpg\" class=\"attachment-full size-full lazyload wp-post-image\" alt=\"\" srcset=\"data:image\/svg+xml,%3Csvg%20xmlns%3D%27http%3A%2F%2Fwww.w3.org%2F2000%2Fsvg%27%20width%3D%271200%27%20height%3D%27800%27%20viewBox%3D%270%200%201200%20800%27%3E%3Crect%20width%3D%271200%27%20height%3D%27800%27%20fill-opacity%3D%220%22%2F%3E%3C%2Fsvg%3E\" data-orig-src=\"https:\/\/fr.motocrossmag.be\/wp-content\/uploads\/2026\/04\/hi_FEBVRE_GP5_PH_6495.jpg\" data-srcset=\"https:\/\/fr.motocrossmag.be\/wp-content\/uploads\/2026\/04\/hi_FEBVRE_GP5_PH_6495-200x133.jpg 200w, https:\/\/fr.motocrossmag.be\/wp-content\/uploads\/2026\/04\/hi_FEBVRE_GP5_PH_6495-400x267.jpg 400w, https:\/\/fr.motocrossmag.be\/wp-content\/uploads\/2026\/04\/hi_FEBVRE_GP5_PH_6495-600x400.jpg 600w, https:\/\/fr.motocrossmag.be\/wp-content\/uploads\/2026\/04\/hi_FEBVRE_GP5_PH_6495-800x533.jpg 800w, https:\/\/fr.motocrossmag.be\/wp-content\/uploads\/2026\/04\/hi_FEBVRE_GP5_PH_6495.jpg 1200w\" data-sizes=\"auto\" \/><div class=\"fusion-rollover\">\n\t<div class=\"fusion-rollover-content\">\n\n\t\t\t\t\n\t\t\n\t\t\t\t\t\t\t\t\n\t\t\t\t\t\t\t\t\n\t\t\n\t\t\t\t\t\t<a class=\"fusion-link-wrapper\" href=\"https:\/\/fr.motocrossmag.be\/index.php\/2026\/04\/155514\/\" aria-label=\"Romain Febvre : un week-end frustrant en Italie\"><\/a>\n\t<\/div>\n<\/div>\n<\/div>\n<\/li>\n\t\t\t\n\t\t\t\n\t\t\t\t\t\t\t\t\t\t\t\t\t\t\t\t\t\t\t\t\t\t\t\t\t\t\t\t\t\t\t\t\t\t\t\t\t\t\t\t\t\t\t\t\t\t\t\t\t\t\t\t\t\t\t\t\t\t\t\t\t\t\t\t\t\t\t\t<\/ul>\n\t<\/div>\n\t<div class=\"fusion-post-content-wrapper\" style=\"padding:30px 25px 25px 25px;\"><div class=\"fusion-post-content post-content\"><h2 class=\"blog-shortcode-post-title entry-title\"><a href=\"https:\/\/fr.motocrossmag.be\/index.php\/2026\/04\/155514\/\">Romain Febvre : un week-end frustrant en Italie<\/a><\/h2><p class=\"fusion-single-line-meta\"><span class=\"vcard\" style=\"display: none;\"><span class=\"fn\"><a href=\"https:\/\/fr.motocrossmag.be\/index.php\/author\/oliviere\/\" title=\"Articles par oliviere\" rel=\"author\">oliviere<\/a><\/span><\/span><span class=\"updated\" style=\"display:none;\">2026-04-22T00:59:42+02:00<\/span><span>22 avril 2026<\/span><span class=\"fusion-inline-sep\">|<\/span><\/p><\/div><\/div><div class=\"fusion-clearfix\"><\/div><\/div>\n<\/article>\n<article id=\"blog-3-post-155507\" class=\"fusion-post-grid post-155507 post type-post status-publish format-standard has-post-thumbnail hentry category-actualite category-interviews category-interviews-actualite category-motocross category-mx1mx2 category-news category-news-actualite category-slideshow tag-lucas-coenen tag-motocross tag-mxgp\">\n<div class=\"fusion-post-wrapper\" style=\"background-color:rgba(255,255,255,0);border:none;\">\n\n\t\t\t<div class=\"fusion-flexslider flexslider fusion-flexslider-loading fusion-post-slideshow\" style=\"border-color:rgba(255,255,255,0);\">\n\t\t<ul class=\"slides\">\n\t\t\t\n\t\t\t\t\t\t\t\t\t\t\t\t\t\t<li><div  class=\"fusion-image-wrapper\" aria-haspopup=\"true\">\n\t\t\t\t<img decoding=\"async\" width=\"1200\" height=\"800\" src=\"https:\/\/fr.motocrossmag.be\/wp-content\/uploads\/2026\/04\/Lucas-Coenen-2026-MXGP-Trentino-2.jpg\" class=\"attachment-full size-full lazyload wp-post-image\" alt=\"\" srcset=\"data:image\/svg+xml,%3Csvg%20xmlns%3D%27http%3A%2F%2Fwww.w3.org%2F2000%2Fsvg%27%20width%3D%271200%27%20height%3D%27800%27%20viewBox%3D%270%200%201200%20800%27%3E%3Crect%20width%3D%271200%27%20height%3D%27800%27%20fill-opacity%3D%220%22%2F%3E%3C%2Fsvg%3E\" data-orig-src=\"https:\/\/fr.motocrossmag.be\/wp-content\/uploads\/2026\/04\/Lucas-Coenen-2026-MXGP-Trentino-2.jpg\" data-srcset=\"https:\/\/fr.motocrossmag.be\/wp-content\/uploads\/2026\/04\/Lucas-Coenen-2026-MXGP-Trentino-2-200x133.jpg 200w, https:\/\/fr.motocrossmag.be\/wp-content\/uploads\/2026\/04\/Lucas-Coenen-2026-MXGP-Trentino-2-400x267.jpg 400w, https:\/\/fr.motocrossmag.be\/wp-content\/uploads\/2026\/04\/Lucas-Coenen-2026-MXGP-Trentino-2-600x400.jpg 600w, https:\/\/fr.motocrossmag.be\/wp-content\/uploads\/2026\/04\/Lucas-Coenen-2026-MXGP-Trentino-2-800x533.jpg 800w, https:\/\/fr.motocrossmag.be\/wp-content\/uploads\/2026\/04\/Lucas-Coenen-2026-MXGP-Trentino-2.jpg 1200w\" data-sizes=\"auto\" \/><div class=\"fusion-rollover\">\n\t<div class=\"fusion-rollover-content\">\n\n\t\t\t\t\n\t\t\n\t\t\t\t\t\t\t\t\n\t\t\t\t\t\t\t\t\n\t\t\n\t\t\t\t\t\t<a class=\"fusion-link-wrapper\" href=\"https:\/\/fr.motocrossmag.be\/index.php\/2026\/04\/lucas-coenen-lucide-apres-trentino-je-dois-etre-satisfait-et-regarder-vers-lavant\/\" aria-label=\"Lucas Coenen lucide apr\u00e8s Trentino : \u201cJe dois \u00eatre satisfait et regarder vers l\u2019avant\u201d\"><\/a>\n\t<\/div>\n<\/div>\n<\/div>\n<\/li>\n\t\t\t\n\t\t\t\n\t\t\t\t\t\t\t\t\t\t\t\t\t\t\t\t\t\t\t\t\t\t\t\t\t\t\t\t\t\t\t\t\t\t\t\t\t\t\t\t\t\t\t\t\t\t\t\t\t\t\t\t\t\t\t\t\t\t\t\t\t\t\t\t\t\t\t\t<\/ul>\n\t<\/div>\n\t<div class=\"fusion-post-content-wrapper\" style=\"padding:30px 25px 25px 25px;\"><div class=\"fusion-post-content post-content\"><h2 class=\"blog-shortcode-post-title entry-title\"><a href=\"https:\/\/fr.motocrossmag.be\/index.php\/2026\/04\/lucas-coenen-lucide-apres-trentino-je-dois-etre-satisfait-et-regarder-vers-lavant\/\">Lucas Coenen lucide apr\u00e8s Trentino : \u201cJe dois \u00eatre satisfait et regarder vers l\u2019avant\u201d<\/a><\/h2><p class=\"fusion-single-line-meta\"><span class=\"vcard\" style=\"display: none;\"><span class=\"fn\"><a href=\"https:\/\/fr.motocrossmag.be\/index.php\/author\/oliviere\/\" title=\"Articles par oliviere\" rel=\"author\">oliviere<\/a><\/span><\/span><span class=\"updated\" style=\"display:none;\">2026-04-22T00:25:11+02:00<\/span><span>22 avril 2026<\/span><span class=\"fusion-inline-sep\">|<\/span><\/p><\/div><\/div><div class=\"fusion-clearfix\"><\/div><\/div>\n<\/article>\n<article id=\"blog-3-post-155505\" class=\"fusion-post-grid post-155505 post type-post status-publish format-standard has-post-thumbnail hentry category-actualite category-motocross category-mx1mx2 category-news category-news-actualite category-slideshow tag-lucas-coenen tag-motocross tag-mxgp tag-sacha-coenen\">\n<div class=\"fusion-post-wrapper\" style=\"background-color:rgba(255,255,255,0);border:none;\">\n\n\t\t\t<div class=\"fusion-flexslider flexslider fusion-flexslider-loading fusion-post-slideshow\" style=\"border-color:rgba(255,255,255,0);\">\n\t\t<ul class=\"slides\">\n\t\t\t\n\t\t\t\t\t\t\t\t\t\t\t\t\t\t<li><div  class=\"fusion-image-wrapper\" aria-haspopup=\"true\">\n\t\t\t\t<img decoding=\"async\" width=\"1200\" height=\"936\" src=\"https:\/\/fr.motocrossmag.be\/wp-content\/uploads\/2026\/02\/733210_Red-Bull-KTM_Lucas-Coenen_Sacha-Coenen_De-Carli_MXGP_Team-Shoot_2026-_22_Photo_Red-Bull-KTM-Factory-Racing-De-Carli-IT.jpg\" class=\"attachment-full size-full lazyload wp-post-image\" alt=\"\" srcset=\"data:image\/svg+xml,%3Csvg%20xmlns%3D%27http%3A%2F%2Fwww.w3.org%2F2000%2Fsvg%27%20width%3D%271200%27%20height%3D%27936%27%20viewBox%3D%270%200%201200%20936%27%3E%3Crect%20width%3D%271200%27%20height%3D%27936%27%20fill-opacity%3D%220%22%2F%3E%3C%2Fsvg%3E\" data-orig-src=\"https:\/\/fr.motocrossmag.be\/wp-content\/uploads\/2026\/02\/733210_Red-Bull-KTM_Lucas-Coenen_Sacha-Coenen_De-Carli_MXGP_Team-Shoot_2026-_22_Photo_Red-Bull-KTM-Factory-Racing-De-Carli-IT.jpg\" data-srcset=\"https:\/\/fr.motocrossmag.be\/wp-content\/uploads\/2026\/02\/733210_Red-Bull-KTM_Lucas-Coenen_Sacha-Coenen_De-Carli_MXGP_Team-Shoot_2026-_22_Photo_Red-Bull-KTM-Factory-Racing-De-Carli-IT-200x156.jpg 200w, https:\/\/fr.motocrossmag.be\/wp-content\/uploads\/2026\/02\/733210_Red-Bull-KTM_Lucas-Coenen_Sacha-Coenen_De-Carli_MXGP_Team-Shoot_2026-_22_Photo_Red-Bull-KTM-Factory-Racing-De-Carli-IT-400x312.jpg 400w, https:\/\/fr.motocrossmag.be\/wp-content\/uploads\/2026\/02\/733210_Red-Bull-KTM_Lucas-Coenen_Sacha-Coenen_De-Carli_MXGP_Team-Shoot_2026-_22_Photo_Red-Bull-KTM-Factory-Racing-De-Carli-IT-600x468.jpg 600w, https:\/\/fr.motocrossmag.be\/wp-content\/uploads\/2026\/02\/733210_Red-Bull-KTM_Lucas-Coenen_Sacha-Coenen_De-Carli_MXGP_Team-Shoot_2026-_22_Photo_Red-Bull-KTM-Factory-Racing-De-Carli-IT-800x624.jpg 800w, https:\/\/fr.motocrossmag.be\/wp-content\/uploads\/2026\/02\/733210_Red-Bull-KTM_Lucas-Coenen_Sacha-Coenen_De-Carli_MXGP_Team-Shoot_2026-_22_Photo_Red-Bull-KTM-Factory-Racing-De-Carli-IT.jpg 1200w\" data-sizes=\"auto\" \/><div class=\"fusion-rollover\">\n\t<div class=\"fusion-rollover-content\">\n\n\t\t\t\t\n\t\t\n\t\t\t\t\t\t\t\t\n\t\t\t\t\t\t\t\t\n\t\t\n\t\t\t\t\t\t<a class=\"fusion-link-wrapper\" href=\"https:\/\/fr.motocrossmag.be\/index.php\/2026\/04\/sacha-et-lucas-coenen-face-a-face-dans-la-container-cup\/\" aria-label=\"Sacha et Lucas Coenen face \u00e0 face dans la Container Cup\"><\/a>\n\t<\/div>\n<\/div>\n<\/div>\n<\/li>\n\t\t\t\n\t\t\t\n\t\t\t\t\t\t\t\t\t\t\t\t\t\t\t\t\t\t\t\t\t\t\t\t\t\t\t\t\t\t\t\t\t\t\t\t\t\t\t\t\t\t\t\t\t\t\t\t\t\t\t\t\t\t\t\t\t\t\t\t\t\t\t\t\t\t\t\t<\/ul>\n\t<\/div>\n\t<div class=\"fusion-post-content-wrapper\" style=\"padding:30px 25px 25px 25px;\"><div class=\"fusion-post-content post-content\"><h2 class=\"blog-shortcode-post-title entry-title\"><a href=\"https:\/\/fr.motocrossmag.be\/index.php\/2026\/04\/sacha-et-lucas-coenen-face-a-face-dans-la-container-cup\/\">Sacha et Lucas Coenen face \u00e0 face dans la Container Cup<\/a><\/h2><p class=\"fusion-single-line-meta\"><span class=\"vcard\" style=\"display: none;\"><span class=\"fn\"><a href=\"https:\/\/fr.motocrossmag.be\/index.php\/author\/oliviere\/\" title=\"Articles par oliviere\" rel=\"author\">oliviere<\/a><\/span><\/span><span class=\"updated\" style=\"display:none;\">2026-04-21T23:44:04+02:00<\/span><span>21 avril 2026<\/span><span class=\"fusion-inline-sep\">|<\/span><\/p><\/div><\/div><div class=\"fusion-clearfix\"><\/div><\/div>\n<\/article>\n<div class=\"fusion-clearfix\"><\/div><\/div><div class=\"fusion-infinite-scroll-trigger\"><\/div><div class=\"pagination infinite-scroll clearfix\" style=\"display:none;\"><span class=\"current\">1<\/span><a href=\"https:\/\/fr.motocrossmag.be\/index.php\/wp-json\/wp\/v2\/pages\/137654\/page\/2\/\" class=\"inactive\">2<\/a><a class=\"pagination-next\" rel=\"next\" href=\"https:\/\/fr.motocrossmag.be\/index.php\/wp-json\/wp\/v2\/pages\/137654\/page\/2\/\"><span class=\"page-text\">Suivant<\/span><span class=\"page-next\"><\/span><\/a><\/div><div class=\"fusion-clearfix\"><\/div><button class=\"fusion-load-more-button fusion-blog-button fusion-clearfix\">Load More Posts<\/button><\/div><\/div><\/div><\/div><\/div><div class=\"fusion-fullwidth fullwidth-box fusion-builder-row-3 fusion-flex-container has-pattern-background has-mask-background nonhundred-percent-fullwidth non-hundred-percent-height-scrolling\" style=\"--awb-border-radius-top-left:0px;--awb-border-radius-top-right:0px;--awb-border-radius-bottom-right:0px;--awb-border-radius-bottom-left:0px;--awb-flex-wrap:wrap;\" ><div class=\"fusion-builder-row fusion-row fusion-flex-align-items-flex-start fusion-flex-content-wrap\" style=\"max-width:1393.6px;margin-left: calc(-4% \/ 2 );margin-right: calc(-4% \/ 2 );\"><div class=\"fusion-layout-column fusion_builder_column fusion-builder-column-1 fusion_builder_column_1_1 1_1 fusion-flex-column\" style=\"--awb-bg-size:cover;--awb-width-large:100%;--awb-margin-top-large:0px;--awb-spacing-right-large:1.92%;--awb-margin-bottom-large:20px;--awb-spacing-left-large:1.92%;--awb-width-medium:100%;--awb-order-medium:0;--awb-spacing-right-medium:1.92%;--awb-spacing-left-medium:1.92%;--awb-width-small:100%;--awb-order-small:0;--awb-spacing-right-small:1.92%;--awb-spacing-left-small:1.92%;\"><div class=\"fusion-column-wrapper fusion-column-has-shadow fusion-flex-justify-content-flex-start fusion-content-layout-column\"><\/div><\/div><\/div><\/div><div class=\"fusion-fullwidth fullwidth-box fusion-builder-row-4 fusion-flex-container has-pattern-background has-mask-background nonhundred-percent-fullwidth non-hundred-percent-height-scrolling\" style=\"--awb-border-radius-top-left:0px;--awb-border-radius-top-right:0px;--awb-border-radius-bottom-right:0px;--awb-border-radius-bottom-left:0px;--awb-flex-wrap:wrap;\" ><div class=\"fusion-builder-row fusion-row fusion-flex-align-items-flex-start fusion-flex-content-wrap\" style=\"max-width:1393.6px;margin-left: calc(-4% \/ 2 );margin-right: calc(-4% \/ 2 );\"><div class=\"fusion-layout-column fusion_builder_column fusion-builder-column-2 fusion_builder_column_1_2 1_2 fusion-flex-column\" style=\"--awb-bg-size:cover;--awb-width-large:50%;--awb-margin-top-large:0px;--awb-spacing-right-large:3.84%;--awb-margin-bottom-large:20px;--awb-spacing-left-large:3.84%;--awb-width-medium:50%;--awb-order-medium:0;--awb-spacing-right-medium:3.84%;--awb-spacing-left-medium:3.84%;--awb-width-small:100%;--awb-order-small:0;--awb-spacing-right-small:1.92%;--awb-spacing-left-small:1.92%;\"><div class=\"fusion-column-wrapper fusion-column-has-shadow fusion-flex-justify-content-flex-start fusion-content-layout-column\"><div class=\"fusion-widget-area awb-widget-area-element fusion-widget-area-1 fusion-content-widget-area\" style=\"--awb-title-size:30px;--awb-title-color:var(--awb-color8);--awb-padding:0px 0px 0px 0px;\"><div id=\"custom_html-9\" class=\"widget_text widget widget_custom_html\" style=\"border-style: solid;border-color:transparent;border-width:0px;\"><div class=\"heading\"><h4 class=\"widget-title\">L&rsquo;agenda des courses<\/h4><\/div><div class=\"textwidget custom-html-widget\"><iframe class=\"lazyload\" src=\"data:image\/svg+xml,%3Csvg%20xmlns%3D%27http%3A%2F%2Fwww.w3.org%2F2000%2Fsvg%27%20width%3D%27100%27%20height%3D%27700%27%20viewBox%3D%270%200%20100%20700%27%3E%3Crect%20width%3D%27100%27%20height%3D%27700%27%20fill-opacity%3D%220%22%2F%3E%3C%2Fsvg%3E\" data-orig-src=\"https:\/\/dailymoto.be\/widgets\/events-main-mxmag\/\" width=\"100%\" height=\"700px\" frameborder=\"0\" scrolling=\"no\"><\/iframe><\/div><\/div><div class=\"fusion-additional-widget-content\"><\/div><\/div><\/div><\/div><section class=\"fusion-layout-column fusion_builder_column fusion-builder-column-3 fusion_builder_column_1_2 1_2 fusion-flex-column\" style=\"--awb-padding-top:25px;--awb-padding-right:60px;--awb-padding-bottom:25px;--awb-padding-left:60px;--awb-bg-color:#efefef;--awb-bg-color-hover:#efefef;--awb-bg-size:cover;--awb-width-large:50%;--awb-margin-top-large:0px;--awb-spacing-right-large:3.84%;--awb-margin-bottom-large:20px;--awb-spacing-left-large:3.84%;--awb-width-medium:50%;--awb-order-medium:0;--awb-spacing-right-medium:3.84%;--awb-spacing-left-medium:3.84%;--awb-width-small:100%;--awb-order-small:0;--awb-spacing-right-small:1.92%;--awb-spacing-left-small:1.92%;\" data-scroll-devices=\"small-visibility,medium-visibility,large-visibility\"><div class=\"fusion-column-wrapper fusion-column-has-shadow fusion-flex-justify-content-flex-start fusion-content-layout-column\"><div class=\"fusion-text fusion-text-1\"><h4>Interviews<\/h4>\n<\/div><div class=\"fusion-blog-shortcode fusion-blog-shortcode-4 fusion-blog-archive fusion-blog-layout-grid-wrapper fusion-blog-no\" style=\"--awb-title-font-size:22px;\"><style type=\"text\/css\">.fusion-blog-shortcode-4 .fusion-blog-layout-grid .fusion-post-grid{padding:15px;}.fusion-blog-shortcode-4 .fusion-posts-container{margin-left: -15px !important; margin-right:-15px !important;}<\/style><div class=\"fusion-posts-container fusion-posts-container-no fusion-blog-rollover fusion-blog-layout-grid fusion-blog-layout-grid-1 isotope fusion-blog-equal-heights\" data-pages=\"289\" data-grid-col-space=\"30\" style=\"margin: -15px -15px 0;min-height:500px;\"><article id=\"blog-4-post-155557\" class=\"fusion-post-grid post-155557 post type-post status-publish format-standard has-post-thumbnail hentry category-actualite category-interviews-actualite category-motocross category-sx-us category-news category-news-actualite category-slideshow tag-ken-roczen tag-supercross\">\n<div class=\"fusion-post-wrapper\" style=\"background-color:rgba(255,255,255,0);border:none;\">\n\n\t\t\t<div class=\"fusion-flexslider flexslider fusion-flexslider-loading fusion-post-slideshow\" style=\"border-color:rgba(255,255,255,0);\">\n\t\t<ul class=\"slides\">\n\t\t\t\n\t\t\t\t\t\t\t\t\t\t\t\t\t\t<li><div  class=\"fusion-image-wrapper\" aria-haspopup=\"true\">\n\t\t\t\t<img decoding=\"async\" width=\"1200\" height=\"800\" src=\"https:\/\/fr.motocrossmag.be\/wp-content\/uploads\/2026\/04\/supercross-podium.jpeg\" class=\"attachment-full size-full lazyload wp-post-image\" alt=\"\" srcset=\"data:image\/svg+xml,%3Csvg%20xmlns%3D%27http%3A%2F%2Fwww.w3.org%2F2000%2Fsvg%27%20width%3D%271200%27%20height%3D%27800%27%20viewBox%3D%270%200%201200%20800%27%3E%3Crect%20width%3D%271200%27%20height%3D%27800%27%20fill-opacity%3D%220%22%2F%3E%3C%2Fsvg%3E\" data-orig-src=\"https:\/\/fr.motocrossmag.be\/wp-content\/uploads\/2026\/04\/supercross-podium.jpeg\" data-srcset=\"https:\/\/fr.motocrossmag.be\/wp-content\/uploads\/2026\/04\/supercross-podium-200x133.jpeg 200w, https:\/\/fr.motocrossmag.be\/wp-content\/uploads\/2026\/04\/supercross-podium-400x267.jpeg 400w, https:\/\/fr.motocrossmag.be\/wp-content\/uploads\/2026\/04\/supercross-podium-600x400.jpeg 600w, https:\/\/fr.motocrossmag.be\/wp-content\/uploads\/2026\/04\/supercross-podium-800x533.jpeg 800w, https:\/\/fr.motocrossmag.be\/wp-content\/uploads\/2026\/04\/supercross-podium.jpeg 1200w\" data-sizes=\"auto\" \/><div class=\"fusion-rollover\">\n\t<div class=\"fusion-rollover-content\">\n\n\t\t\t\t\n\t\t\n\t\t\t\t\t\t\t\t\n\t\t\t\t\t\t\t\t\n\t\t\n\t\t\t\t\t\t<a class=\"fusion-link-wrapper\" href=\"https:\/\/fr.motocrossmag.be\/index.php\/2026\/04\/ken-roczen-en-tete-du-championnat-us-de-supercross-le-travail-paie\/\" aria-label=\"Ken Roczen en t\u00eate du championnat US de Supercross : \u00ab\u00a0Le travail paie !\u00a0\u00bb\"><\/a>\n\t<\/div>\n<\/div>\n<\/div>\n<\/li>\n\t\t\t\n\t\t\t\n\t\t\t\t\t\t\t\t\t\t\t\t\t\t\t\t\t\t\t\t\t\t\t\t\t\t\t\t\t\t\t\t\t\t\t\t\t\t\t\t\t\t\t\t\t\t\t\t\t\t\t\t\t\t\t\t\t\t\t\t\t\t\t\t\t\t\t\t<\/ul>\n\t<\/div>\n\t<div class=\"fusion-post-content-wrapper\" style=\"padding:30px 25px 25px 25px;\"><div class=\"fusion-post-content post-content\"><h3 class=\"blog-shortcode-post-title entry-title\"><a href=\"https:\/\/fr.motocrossmag.be\/index.php\/2026\/04\/ken-roczen-en-tete-du-championnat-us-de-supercross-le-travail-paie\/\">Ken Roczen en t\u00eate du championnat US de Supercross : \u00ab\u00a0Le travail paie !\u00a0\u00bb<\/a><\/h3><p class=\"fusion-single-line-meta\"><span class=\"vcard\" style=\"display: none;\"><span class=\"fn\"><a href=\"https:\/\/fr.motocrossmag.be\/index.php\/author\/oliviere\/\" title=\"Articles par oliviere\" rel=\"author\">oliviere<\/a><\/span><\/span><span class=\"updated\" style=\"display:none;\">2026-04-27T11:15:11+02:00<\/span><span>27 avril 2026<\/span><span class=\"fusion-inline-sep\">|<\/span><\/p><\/div><\/div><div class=\"fusion-clearfix\"><\/div><\/div>\n<\/article>\n<article id=\"blog-4-post-155553\" class=\"fusion-post-grid post-155553 post type-post status-publish format-standard has-post-thumbnail hentry category-actualite category-interviews category-interviews-actualite category-motocross category-news category-news-actualite category-slideshow tag-motocross tag-simon-laengenfelder\">\n<div class=\"fusion-post-wrapper\" style=\"background-color:rgba(255,255,255,0);border:none;\">\n\n\t\t\t<div class=\"fusion-flexslider flexslider fusion-flexslider-loading fusion-post-slideshow\" style=\"border-color:rgba(255,255,255,0);\">\n\t\t<ul class=\"slides\">\n\t\t\t\n\t\t\t\t\t\t\t\t\t\t\t\t\t\t<li><div  class=\"fusion-image-wrapper\" aria-haspopup=\"true\">\n\t\t\t\t<img decoding=\"async\" width=\"1200\" height=\"800\" src=\"https:\/\/fr.motocrossmag.be\/wp-content\/uploads\/2026\/04\/58cfc13566cbe46eab7c46f01c91d01e_zadume.webp\" class=\"attachment-full size-full lazyload wp-post-image\" alt=\"\" srcset=\"data:image\/svg+xml,%3Csvg%20xmlns%3D%27http%3A%2F%2Fwww.w3.org%2F2000%2Fsvg%27%20width%3D%271200%27%20height%3D%27800%27%20viewBox%3D%270%200%201200%20800%27%3E%3Crect%20width%3D%271200%27%20height%3D%27800%27%20fill-opacity%3D%220%22%2F%3E%3C%2Fsvg%3E\" data-orig-src=\"https:\/\/fr.motocrossmag.be\/wp-content\/uploads\/2026\/04\/58cfc13566cbe46eab7c46f01c91d01e_zadume.webp\" data-srcset=\"https:\/\/fr.motocrossmag.be\/wp-content\/uploads\/2026\/04\/58cfc13566cbe46eab7c46f01c91d01e_zadume-200x133.webp 200w, https:\/\/fr.motocrossmag.be\/wp-content\/uploads\/2026\/04\/58cfc13566cbe46eab7c46f01c91d01e_zadume-400x267.webp 400w, https:\/\/fr.motocrossmag.be\/wp-content\/uploads\/2026\/04\/58cfc13566cbe46eab7c46f01c91d01e_zadume-600x400.webp 600w, https:\/\/fr.motocrossmag.be\/wp-content\/uploads\/2026\/04\/58cfc13566cbe46eab7c46f01c91d01e_zadume-650x433.webp 650w, https:\/\/fr.motocrossmag.be\/wp-content\/uploads\/2026\/04\/58cfc13566cbe46eab7c46f01c91d01e_zadume-768x512.webp 768w, https:\/\/fr.motocrossmag.be\/wp-content\/uploads\/2026\/04\/58cfc13566cbe46eab7c46f01c91d01e_zadume-800x533.webp 800w, https:\/\/fr.motocrossmag.be\/wp-content\/uploads\/2026\/04\/58cfc13566cbe46eab7c46f01c91d01e_zadume-1024x683.webp 1024w, https:\/\/fr.motocrossmag.be\/wp-content\/uploads\/2026\/04\/58cfc13566cbe46eab7c46f01c91d01e_zadume.webp 1200w\" data-sizes=\"auto\" \/><div class=\"fusion-rollover\">\n\t<div class=\"fusion-rollover-content\">\n\n\t\t\t\t\n\t\t\n\t\t\t\t\t\t\t\t\n\t\t\t\t\t\t\t\t\n\t\t\n\t\t\t\t\t\t<a class=\"fusion-link-wrapper\" href=\"https:\/\/fr.motocrossmag.be\/index.php\/2026\/04\/simon-langenfelder-en-450-sur-le-championnat-adac-mx-master-une-bonne-maniere-de-rester-dans-le-rythme\/\" aria-label=\"Simon L\u00e4ngenfelder en 450 sur le championnat ADAC MX Master : \u00ab Une bonne mani\u00e8re de rester dans le rythme \u00bb\"><\/a>\n\t<\/div>\n<\/div>\n<\/div>\n<\/li>\n\t\t\t\n\t\t\t\n\t\t\t\t\t\t\t\t\t\t\t\t\t\t\t\t\t\t\t\t\t\t\t\t\t\t\t\t\t\t\t\t\t\t\t\t\t\t\t\t\t\t\t\t\t\t\t\t\t\t\t\t\t\t\t\t\t\t\t\t\t\t\t\t\t\t\t\t<\/ul>\n\t<\/div>\n\t<div class=\"fusion-post-content-wrapper\" style=\"padding:30px 25px 25px 25px;\"><div class=\"fusion-post-content post-content\"><h3 class=\"blog-shortcode-post-title entry-title\"><a href=\"https:\/\/fr.motocrossmag.be\/index.php\/2026\/04\/simon-langenfelder-en-450-sur-le-championnat-adac-mx-master-une-bonne-maniere-de-rester-dans-le-rythme\/\">Simon L\u00e4ngenfelder en 450 sur le championnat ADAC MX Master : \u00ab Une bonne mani\u00e8re de rester dans le rythme \u00bb<\/a><\/h3><p class=\"fusion-single-line-meta\"><span class=\"vcard\" style=\"display: none;\"><span class=\"fn\"><a href=\"https:\/\/fr.motocrossmag.be\/index.php\/author\/oliviere\/\" title=\"Articles par oliviere\" rel=\"author\">oliviere<\/a><\/span><\/span><span class=\"updated\" style=\"display:none;\">2026-04-27T11:04:43+02:00<\/span><span>27 avril 2026<\/span><span class=\"fusion-inline-sep\">|<\/span><\/p><\/div><\/div><div class=\"fusion-clearfix\"><\/div><\/div>\n<\/article>\n<article id=\"blog-4-post-155514\" class=\"fusion-post-grid post-155514 post type-post status-publish format-standard has-post-thumbnail hentry category-actualite category-interviews category-interviews-actualite category-motocross category-mx1mx2 category-news category-news-actualite category-slideshow tag-motocross tag-mxgp tag-romain-febvre tag-trentino\">\n<div class=\"fusion-post-wrapper\" style=\"background-color:rgba(255,255,255,0);border:none;\">\n\n\t\t\t<div class=\"fusion-flexslider flexslider fusion-flexslider-loading fusion-post-slideshow\" style=\"border-color:rgba(255,255,255,0);\">\n\t\t<ul class=\"slides\">\n\t\t\t\n\t\t\t\t\t\t\t\t\t\t\t\t\t\t<li><div  class=\"fusion-image-wrapper\" aria-haspopup=\"true\">\n\t\t\t\t<img decoding=\"async\" width=\"1200\" height=\"800\" src=\"https:\/\/fr.motocrossmag.be\/wp-content\/uploads\/2026\/04\/hi_FEBVRE_GP5_PH_6495.jpg\" class=\"attachment-full size-full lazyload wp-post-image\" alt=\"\" srcset=\"data:image\/svg+xml,%3Csvg%20xmlns%3D%27http%3A%2F%2Fwww.w3.org%2F2000%2Fsvg%27%20width%3D%271200%27%20height%3D%27800%27%20viewBox%3D%270%200%201200%20800%27%3E%3Crect%20width%3D%271200%27%20height%3D%27800%27%20fill-opacity%3D%220%22%2F%3E%3C%2Fsvg%3E\" data-orig-src=\"https:\/\/fr.motocrossmag.be\/wp-content\/uploads\/2026\/04\/hi_FEBVRE_GP5_PH_6495.jpg\" data-srcset=\"https:\/\/fr.motocrossmag.be\/wp-content\/uploads\/2026\/04\/hi_FEBVRE_GP5_PH_6495-200x133.jpg 200w, https:\/\/fr.motocrossmag.be\/wp-content\/uploads\/2026\/04\/hi_FEBVRE_GP5_PH_6495-400x267.jpg 400w, https:\/\/fr.motocrossmag.be\/wp-content\/uploads\/2026\/04\/hi_FEBVRE_GP5_PH_6495-600x400.jpg 600w, https:\/\/fr.motocrossmag.be\/wp-content\/uploads\/2026\/04\/hi_FEBVRE_GP5_PH_6495-800x533.jpg 800w, https:\/\/fr.motocrossmag.be\/wp-content\/uploads\/2026\/04\/hi_FEBVRE_GP5_PH_6495.jpg 1200w\" data-sizes=\"auto\" \/><div class=\"fusion-rollover\">\n\t<div class=\"fusion-rollover-content\">\n\n\t\t\t\t\n\t\t\n\t\t\t\t\t\t\t\t\n\t\t\t\t\t\t\t\t\n\t\t\n\t\t\t\t\t\t<a class=\"fusion-link-wrapper\" href=\"https:\/\/fr.motocrossmag.be\/index.php\/2026\/04\/155514\/\" aria-label=\"Romain Febvre : un week-end frustrant en Italie\"><\/a>\n\t<\/div>\n<\/div>\n<\/div>\n<\/li>\n\t\t\t\n\t\t\t\n\t\t\t\t\t\t\t\t\t\t\t\t\t\t\t\t\t\t\t\t\t\t\t\t\t\t\t\t\t\t\t\t\t\t\t\t\t\t\t\t\t\t\t\t\t\t\t\t\t\t\t\t\t\t\t\t\t\t\t\t\t\t\t\t\t\t\t\t<\/ul>\n\t<\/div>\n\t<div class=\"fusion-post-content-wrapper\" style=\"padding:30px 25px 25px 25px;\"><div class=\"fusion-post-content post-content\"><h3 class=\"blog-shortcode-post-title entry-title\"><a href=\"https:\/\/fr.motocrossmag.be\/index.php\/2026\/04\/155514\/\">Romain Febvre : un week-end frustrant en Italie<\/a><\/h3><p class=\"fusion-single-line-meta\"><span class=\"vcard\" style=\"display: none;\"><span class=\"fn\"><a href=\"https:\/\/fr.motocrossmag.be\/index.php\/author\/oliviere\/\" title=\"Articles par oliviere\" rel=\"author\">oliviere<\/a><\/span><\/span><span class=\"updated\" style=\"display:none;\">2026-04-22T00:59:42+02:00<\/span><span>22 avril 2026<\/span><span class=\"fusion-inline-sep\">|<\/span><\/p><\/div><\/div><div class=\"fusion-clearfix\"><\/div><\/div>\n<\/article>\n<div class=\"fusion-clearfix\"><\/div><\/div><\/div><\/div><\/section><\/div><\/div>\n","protected":false},"excerpt":{"rendered":"","protected":false},"author":932,"featured_media":0,"parent":0,"menu_order":0,"comment_status":"closed","ping_status":"closed","template":"100-width.php","meta":{"footnotes":""},"class_list":["post-137654","page","type-page","status-publish","hentry"],"yoast_head":"<!-- This site is optimized with the Yoast SEO plugin v27.4 - https:\/\/yoast.com\/product\/yoast-seo-wordpress\/ -->\n<title>Motocross, enduro et Supermoto en Belgique : toute l&#039;actualit\u00e9 - Motocross - Enduro - Supermoto | MotocrossMag<\/title>\n<meta name=\"robots\" content=\"index, follow, max-snippet:-1, max-image-preview:large, max-video-preview:-1\" \/>\n<link rel=\"canonical\" href=\"https:\/\/fr.motocrossmag.be\/\" \/>\n<meta property=\"og:locale\" content=\"fr_FR\" \/>\n<meta property=\"og:type\" content=\"article\" \/>\n<meta property=\"og:title\" content=\"Motocross, enduro et Supermoto en Belgique : toute l&#039;actualit\u00e9 - Motocross - Enduro - Supermoto | MotocrossMag\" \/>\n<meta property=\"og:url\" content=\"https:\/\/fr.motocrossmag.be\/\" \/>\n<meta property=\"og:site_name\" content=\"Motocross - Enduro - Supermoto | MotocrossMag\" \/>\n<meta property=\"article:modified_time\" content=\"2025-02-10T13:55:17+00:00\" \/>\n<meta name=\"twitter:card\" content=\"summary_large_image\" \/>\n<meta name=\"twitter:label1\" content=\"Dur\u00e9e de lecture estim\u00e9e\" \/>\n\t<meta name=\"twitter:data1\" content=\"5 minutes\" \/>\n<script type=\"application\/ld+json\" class=\"yoast-schema-graph\">{\"@context\":\"https:\\\/\\\/schema.org\",\"@graph\":[{\"@type\":\"WebPage\",\"@id\":\"https:\\\/\\\/fr.motocrossmag.be\\\/\",\"url\":\"https:\\\/\\\/fr.motocrossmag.be\\\/\",\"name\":\"Motocross, enduro et Supermoto en Belgique : toute l'actualit\u00e9 - Motocross - Enduro - Supermoto | MotocrossMag\",\"isPartOf\":{\"@id\":\"https:\\\/\\\/fr.motocrossmag.be\\\/#website\"},\"datePublished\":\"2024-05-26T22:21:56+00:00\",\"dateModified\":\"2025-02-10T13:55:17+00:00\",\"breadcrumb\":{\"@id\":\"https:\\\/\\\/fr.motocrossmag.be\\\/#breadcrumb\"},\"inLanguage\":\"fr-FR\",\"potentialAction\":[{\"@type\":\"ReadAction\",\"target\":[\"https:\\\/\\\/fr.motocrossmag.be\\\/\"]}]},{\"@type\":\"BreadcrumbList\",\"@id\":\"https:\\\/\\\/fr.motocrossmag.be\\\/#breadcrumb\",\"itemListElement\":[{\"@type\":\"ListItem\",\"position\":1,\"name\":\"Accueil\",\"item\":\"https:\\\/\\\/fr.motocrossmag.be\\\/\"},{\"@type\":\"ListItem\",\"position\":2,\"name\":\"Motocross, enduro et Supermoto en Belgique : toute l&rsquo;actualit\u00e9\"}]},{\"@type\":\"WebSite\",\"@id\":\"https:\\\/\\\/fr.motocrossmag.be\\\/#website\",\"url\":\"https:\\\/\\\/fr.motocrossmag.be\\\/\",\"name\":\"Motocross - Enduro - Supermoto | MotocrossMag\",\"description\":\"L&#039;actualit\u00e9 du motocross, de l&#039;enduro et du Supermoto en ligne!\",\"potentialAction\":[{\"@type\":\"SearchAction\",\"target\":{\"@type\":\"EntryPoint\",\"urlTemplate\":\"https:\\\/\\\/fr.motocrossmag.be\\\/?s={search_term_string}\"},\"query-input\":{\"@type\":\"PropertyValueSpecification\",\"valueRequired\":true,\"valueName\":\"search_term_string\"}}],\"inLanguage\":\"fr-FR\"}]}<\/script>\n<!-- \/ Yoast SEO plugin. -->","yoast_head_json":{"title":"Motocross, enduro et Supermoto en Belgique : toute l'actualit\u00e9 - Motocross - Enduro - Supermoto | MotocrossMag","robots":{"index":"index","follow":"follow","max-snippet":"max-snippet:-1","max-image-preview":"max-image-preview:large","max-video-preview":"max-video-preview:-1"},"canonical":"https:\/\/fr.motocrossmag.be\/","og_locale":"fr_FR","og_type":"article","og_title":"Motocross, enduro et Supermoto en Belgique : toute l'actualit\u00e9 - Motocross - Enduro - Supermoto | MotocrossMag","og_url":"https:\/\/fr.motocrossmag.be\/","og_site_name":"Motocross - Enduro - Supermoto | MotocrossMag","article_modified_time":"2025-02-10T13:55:17+00:00","twitter_card":"summary_large_image","twitter_misc":{"Dur\u00e9e de lecture estim\u00e9e":"5 minutes"},"schema":{"@context":"https:\/\/schema.org","@graph":[{"@type":"WebPage","@id":"https:\/\/fr.motocrossmag.be\/","url":"https:\/\/fr.motocrossmag.be\/","name":"Motocross, enduro et Supermoto en Belgique : toute l'actualit\u00e9 - Motocross - Enduro - Supermoto | MotocrossMag","isPartOf":{"@id":"https:\/\/fr.motocrossmag.be\/#website"},"datePublished":"2024-05-26T22:21:56+00:00","dateModified":"2025-02-10T13:55:17+00:00","breadcrumb":{"@id":"https:\/\/fr.motocrossmag.be\/#breadcrumb"},"inLanguage":"fr-FR","potentialAction":[{"@type":"ReadAction","target":["https:\/\/fr.motocrossmag.be\/"]}]},{"@type":"BreadcrumbList","@id":"https:\/\/fr.motocrossmag.be\/#breadcrumb","itemListElement":[{"@type":"ListItem","position":1,"name":"Accueil","item":"https:\/\/fr.motocrossmag.be\/"},{"@type":"ListItem","position":2,"name":"Motocross, enduro et Supermoto en Belgique : toute l&rsquo;actualit\u00e9"}]},{"@type":"WebSite","@id":"https:\/\/fr.motocrossmag.be\/#website","url":"https:\/\/fr.motocrossmag.be\/","name":"Motocross - Enduro - Supermoto | MotocrossMag","description":"L&#039;actualit\u00e9 du motocross, de l&#039;enduro et du Supermoto en ligne!","potentialAction":[{"@type":"SearchAction","target":{"@type":"EntryPoint","urlTemplate":"https:\/\/fr.motocrossmag.be\/?s={search_term_string}"},"query-input":{"@type":"PropertyValueSpecification","valueRequired":true,"valueName":"search_term_string"}}],"inLanguage":"fr-FR"}]}},"_links":{"self":[{"href":"https:\/\/fr.motocrossmag.be\/index.php\/wp-json\/wp\/v2\/pages\/137654","targetHints":{"allow":["GET"]}}],"collection":[{"href":"https:\/\/fr.motocrossmag.be\/index.php\/wp-json\/wp\/v2\/pages"}],"about":[{"href":"https:\/\/fr.motocrossmag.be\/index.php\/wp-json\/wp\/v2\/types\/page"}],"author":[{"embeddable":true,"href":"https:\/\/fr.motocrossmag.be\/index.php\/wp-json\/wp\/v2\/users\/932"}],"replies":[{"embeddable":true,"href":"https:\/\/fr.motocrossmag.be\/index.php\/wp-json\/wp\/v2\/comments?post=137654"}],"version-history":[{"count":63,"href":"https:\/\/fr.motocrossmag.be\/index.php\/wp-json\/wp\/v2\/pages\/137654\/revisions"}],"predecessor-version":[{"id":146237,"href":"https:\/\/fr.motocrossmag.be\/index.php\/wp-json\/wp\/v2\/pages\/137654\/revisions\/146237"}],"wp:attachment":[{"href":"https:\/\/fr.motocrossmag.be\/index.php\/wp-json\/wp\/v2\/media?parent=137654"}],"curies":[{"name":"wp","href":"https:\/\/api.w.org\/{rel}","templated":true}]}}